{"id":255,"date":"2024-11-08T10:21:56","date_gmt":"2024-11-08T10:21:56","guid":{"rendered":"https:\/\/eins.sieben4zehn5.de\/?page_id=255"},"modified":"2025-11-07T10:43:47","modified_gmt":"2025-11-07T10:43:47","slug":"auto-und-industrielackierung","status":"publish","type":"page","link":"https:\/\/www.klenk-karosseriebau.de\/index.php\/auto-und-industrielackierung\/","title":{"rendered":"Auto- und Industrielackierungen"},"content":{"rendered":"<p>[et_pb_section fb_built=&#8220;1&#8243; disabled_on=&#8220;off|off|off&#8220; admin_label=&#8220;Header Section&#8220; _builder_version=&#8220;4.27.2&#8243; background_color=&#8220;RGBA(20,61,88,0.65)&#8220; use_background_color_gradient=&#8220;on&#8220; background_color_gradient_stops=&#8220;rgba(20,61,88,0.65) 0%|rgba(12,156,254,0.52) 100%&#8220; background_color_gradient_overlays_image=&#8220;on&#8220; background_color_gradient_start=&#8220;rgba(20,61,88,0.65)&#8220; background_color_gradient_end=&#8220;#143d58&#8243; background_image=&#8220;https:\/\/www.klenk-karosseriebau.de\/wp-content\/uploads\/2024\/11\/klenk-_20111025_096.jpg&#8220; custom_margin=&#8220;|||&#8220; custom_padding=&#8220;6vw|0px|6vw|0px&#8220; bottom_divider_style=&#8220;mountains2&#8243; bottom_divider_color=&#8220;rgba(5,41,66,0.3)&#8220; bottom_divider_height=&#8220;20vw&#8220; animation_style=&#8220;slide&#8220; animation_direction=&#8220;top&#8220; animation_intensity_slide=&#8220;3%&#8220; animation_starting_opacity=&#8220;100%&#8220; global_colors_info=&#8220;{}&#8220;][et_pb_row disabled_on=&#8220;off|off|off&#8220; module_class=&#8220; et_pb_row_fullwidth&#8220; _builder_version=&#8220;4.16&#8243; width=&#8220;89%&#8220; width_tablet=&#8220;80%&#8220; width_phone=&#8220;80%&#8220; width_last_edited=&#8220;on|desktop&#8220; max_width=&#8220;89%&#8220; max_width_tablet=&#8220;80%&#8220; max_width_phone=&#8220;80%&#8220; max_width_last_edited=&#8220;on|desktop&#8220; custom_padding=&#8220;|||&#8220; make_fullwidth=&#8220;on&#8220; global_colors_info=&#8220;{}&#8220;][et_pb_column type=&#8220;4_4&#8243; _builder_version=&#8220;4.16&#8243; custom_padding=&#8220;|||&#8220; global_colors_info=&#8220;{}&#8220; custom_padding__hover=&#8220;|||&#8220;][et_pb_text disabled_on=&#8220;off|off|off&#8220; _builder_version=&#8220;4.27.2&#8243; text_font=&#8220;Montserrat||||||||&#8220; text_font_size=&#8220;22px&#8220; header_font=&#8220;Montserrat|600||on|||||&#8220; header_text_align=&#8220;center&#8220; header_text_color=&#8220;#FFFFFF&#8220; header_font_size=&#8220;44px&#8220; header_line_height=&#8220;1.5em&#8220; text_orientation=&#8220;center&#8220; background_layout=&#8220;dark&#8220; custom_margin=&#8220;|||&#8220; header_font_size_tablet=&#8220;50px&#8220; header_font_size_phone=&#8220;&#8220; header_font_size_last_edited=&#8220;on|desktop&#8220; header_line_height_tablet=&#8220;1.1em&#8220; header_line_height_phone=&#8220;1.2em&#8220; header_line_height_last_edited=&#8220;off|desktop&#8220; global_colors_info=&#8220;{}&#8220;]<\/p>\n<h1>Auto &#8211; und Industrielackierung<\/h1>\n<p>[\/et_pb_text][\/et_pb_column][\/et_pb_row][\/et_pb_section][et_pb_section fb_built=&#8220;1&#8243; admin_label=&#8220;Service Details Section&#8220; _builder_version=&#8220;4.16&#8243; custom_padding=&#8220;120px|0px|120px|0px&#8220; global_colors_info=&#8220;{}&#8220;][et_pb_row admin_label=&#8220;Service Details Header Row&#8220; _builder_version=&#8220;4.16&#8243; global_colors_info=&#8220;{}&#8220;][et_pb_column type=&#8220;4_4&#8243; _builder_version=&#8220;4.16&#8243; custom_padding=&#8220;|||&#8220; global_colors_info=&#8220;{}&#8220; custom_padding__hover=&#8220;|||&#8220;][et_pb_text admin_label=&#8220;Service Title&#8220; _builder_version=&#8220;4.16&#8243; header_font=&#8220;||||||||&#8220; header_2_font=&#8220;Montserrat||||||||&#8220; header_2_text_color=&#8220;#21323d&#8220; header_2_font_size=&#8220;40px&#8220; max_width=&#8220;800px&#8220; global_colors_info=&#8220;{}&#8220;]<\/p>\n<h2>Lackierungen nach Kundenwunsch<\/h2>\n<p>[\/et_pb_text][et_pb_text admin_label=&#8220;Service Intro&#8220; _builder_version=&#8220;4.27.3&#8243; text_font=&#8220;Montserrat||||||||&#8220; text_text_color=&#8220;#5c6e7a&#8220; text_font_size=&#8220;15px&#8220; text_line_height=&#8220;2.2em&#8220; header_font=&#8220;||||||||&#8220; max_width=&#8220;800px&#8220; custom_padding=&#8220;||90px|||&#8220; global_colors_info=&#8220;{}&#8220;]<\/p>\n<p>Gef\u00e4llt Ihnen die Farbe Ihres Autos nicht mehr, ist der Lack stumpf und h\u00e4sslich geworden, suchen Sie eine ganz besondere Farbkombination? Alles kein Problem! Wir lackieren Ihr Fahrzeug so wie Sie es haben m\u00f6chten.<\/p>\n<p>Ob PKW oder LKW, in unserer modernen Lackierhalle finden auch XXL-Typen gen\u00fcgend Platz.<\/p>\n<p>Selbstverst\u00e4ndlich nehmen wir auch Industrielackierungen vor. Dazu verf\u00fcgen wir \u00fcber eine moderne Lackierhalle mit allen technischen und \u00f6kologischen Standards. Lackierarbeiten f\u00fchren wir in der Regel mit umweltfreundlichen Wasserlacken und 2K-High-Solid-Lacken durch.<\/p>\n<p>G\u00f6nnen Sie Ihrem Liebling auf vier R\u00e4dern doch mal eine neuen &#8222;Anstrich&#8220;. Es kostet weniger als Sie denken!<\/p>\n<p>Wir erf\u00fcllen auch besondere Kundenw\u00fcnsche wie den hier Rosa lackierten VW Touareg.<\/p>\n<p>[\/et_pb_text][\/et_pb_column][\/et_pb_row][et_pb_row column_structure=&#8220;1_2,1_2&#8243; admin_label=&#8220;Service Image Row&#8220; _builder_version=&#8220;4.16&#8243; max_width=&#8220;1280px&#8220; custom_padding=&#8220;|||&#8220; use_custom_width=&#8220;on&#8220; custom_width_px=&#8220;1280px&#8220; global_colors_info=&#8220;{}&#8220;][et_pb_column type=&#8220;1_2&#8243; _builder_version=&#8220;4.16&#8243; custom_padding=&#8220;|||&#8220; global_colors_info=&#8220;{}&#8220; custom_padding__hover=&#8220;|||&#8220;][et_pb_image src=&#8220;https:\/\/www.klenk-karosseriebau.de\/wp-content\/uploads\/2024\/10\/Touran_Rosa.jpg&#8220; alt=&#8220;Lackierung Kundenwunsch Touran Rosa&#8220; title_text=&#8220;Lackierung Kundenwunsch Touran Rosa&#8220; align_tablet=&#8220;center&#8220; align_phone=&#8220;center&#8220; align_last_edited=&#8220;on|desktop&#8220; _builder_version=&#8220;4.27.2&#8243; animation_style=&#8220;zoom&#8220; animation_intensity_zoom=&#8220;2%&#8220; box_shadow_style=&#8220;preset3&#8243; box_shadow_horizontal=&#8220;40px&#8220; box_shadow_vertical=&#8220;40px&#8220; box_shadow_blur=&#8220;120px&#8220; box_shadow_spread=&#8220;-24px&#8220; box_shadow_color=&#8220;rgba(67,96,124,0.5)&#8220; global_colors_info=&#8220;{}&#8220;][\/et_pb_image][\/et_pb_column][et_pb_column type=&#8220;1_2&#8243; _builder_version=&#8220;4.16&#8243; custom_padding=&#8220;|||&#8220; global_colors_info=&#8220;{}&#8220; custom_padding__hover=&#8220;|||&#8220;][et_pb_image src=&#8220;https:\/\/www.klenk-karosseriebau.de\/wp-content\/uploads\/2024\/12\/klenk-_20111025_106.jpg&#8220; alt=&#8220;Klenk Karosseriebau, Frankfurt&#8220; title_text=&#8220;Klenk Karosseriebau, Frankfurt&#8220; align_tablet=&#8220;center&#8220; align_phone=&#8220;center&#8220; align_last_edited=&#8220;on|desktop&#8220; _builder_version=&#8220;4.27.4&#8243; animation_style=&#8220;zoom&#8220; animation_intensity_zoom=&#8220;2%&#8220; box_shadow_style=&#8220;preset3&#8243; box_shadow_horizontal=&#8220;40px&#8220; box_shadow_vertical=&#8220;40px&#8220; box_shadow_blur=&#8220;120px&#8220; box_shadow_spread=&#8220;-24px&#8220; box_shadow_color=&#8220;rgba(67,96,124,0.5)&#8220; global_colors_info=&#8220;{}&#8220;][\/et_pb_image][\/et_pb_column][\/et_pb_row][et_pb_row column_structure=&#8220;1_2,1_2&#8243; admin_label=&#8220;Service Checklist Row&#8220; _builder_version=&#8220;4.16&#8243; global_colors_info=&#8220;{}&#8220;][et_pb_column type=&#8220;1_2&#8243; _builder_version=&#8220;4.16&#8243; custom_padding=&#8220;|||&#8220; global_colors_info=&#8220;{}&#8220; custom_padding__hover=&#8220;|||&#8220;][et_pb_blurb title=&#8220;Moderne Lackierhalle&#8220; image=&#8220;https:\/\/www.klenk-karosseriebau.de\/wp-content\/uploads\/2024\/11\/Check_Icon.jpg&#8220; icon_placement=&#8220;left&#8220; content_max_width=&#8220;100%&#8220; admin_label=&#8220;Service&#8220; _builder_version=&#8220;4.27.3&#8243; header_font=&#8220;Montserrat||||||||&#8220; header_text_color=&#8220;#5c6e7a&#8220; header_font_size=&#8220;15px&#8220; custom_padding=&#8220;|||&#8220; custom_padding_tablet=&#8220;||20px|&#8220; custom_padding_phone=&#8220;|||&#8220; custom_padding_last_edited=&#8220;off|desktop&#8220; locked=&#8220;off&#8220; global_colors_info=&#8220;{}&#8220;][\/et_pb_blurb][et_pb_blurb title=&#8220;Hochspezialisiertes Personal&#8220; image=&#8220;https:\/\/www.klenk-karosseriebau.de\/wp-content\/uploads\/2024\/11\/Check_Icon.jpg&#8220; icon_placement=&#8220;left&#8220; content_max_width=&#8220;100%&#8220; admin_label=&#8220;Service&#8220; _builder_version=&#8220;4.27.3&#8243; header_font=&#8220;Montserrat||||||||&#8220; header_text_color=&#8220;#5c6e7a&#8220; header_font_size=&#8220;15px&#8220; custom_padding=&#8220;|||&#8220; custom_padding_tablet=&#8220;||20px|&#8220; custom_padding_phone=&#8220;|||&#8220; custom_padding_last_edited=&#8220;off|desktop&#8220; locked=&#8220;off&#8220; global_colors_info=&#8220;{}&#8220;][\/et_pb_blurb][\/et_pb_column][et_pb_column type=&#8220;1_2&#8243; _builder_version=&#8220;4.16&#8243; custom_padding=&#8220;|||&#8220; global_colors_info=&#8220;{}&#8220; custom_padding__hover=&#8220;|||&#8220;][et_pb_blurb title=&#8220;Platz auch f\u00fcr XXL-Fahrzeuge&#8220; image=&#8220;https:\/\/www.klenk-karosseriebau.de\/wp-content\/uploads\/2024\/11\/Check_Icon.jpg&#8220; icon_placement=&#8220;left&#8220; content_max_width=&#8220;100%&#8220; admin_label=&#8220;Service&#8220; _builder_version=&#8220;4.27.3&#8243; header_font=&#8220;Montserrat||||||||&#8220; header_text_color=&#8220;#5c6e7a&#8220; header_font_size=&#8220;15px&#8220; custom_padding=&#8220;|||&#8220; custom_padding_tablet=&#8220;||20px|&#8220; custom_padding_phone=&#8220;|||&#8220; custom_padding_last_edited=&#8220;off|desktop&#8220; locked=&#8220;off&#8220; global_colors_info=&#8220;{}&#8220;][\/et_pb_blurb][et_pb_blurb title=&#8220;Wie erf\u00fcllen alle technischen und \u00f6kologischen Standards&#8220; image=&#8220;https:\/\/www.klenk-karosseriebau.de\/wp-content\/uploads\/2024\/11\/Check_Icon.jpg&#8220; icon_placement=&#8220;left&#8220; content_max_width=&#8220;100%&#8220; admin_label=&#8220;Service&#8220; _builder_version=&#8220;4.27.3&#8243; header_font=&#8220;Montserrat||||||||&#8220; header_text_color=&#8220;#5c6e7a&#8220; header_font_size=&#8220;15px&#8220; custom_padding=&#8220;|||&#8220; custom_padding_tablet=&#8220;||20px|&#8220; custom_padding_phone=&#8220;|||&#8220; custom_padding_last_edited=&#8220;off|desktop&#8220; locked=&#8220;off&#8220; global_colors_info=&#8220;{}&#8220;][\/et_pb_blurb][\/et_pb_column][\/et_pb_row][\/et_pb_section][et_pb_section fb_built=&#8220;1&#8243; admin_label=&#8220;Services Section&#8220; _builder_version=&#8220;4.27.2&#8243; background_color=&#8220;rgba(154,154,154,0.1)&#8220; custom_padding=&#8220;70px|0px|120px|0px|false|false&#8220; global_module=&#8220;192&#8243; saved_tabs=&#8220;all&#8220; global_colors_info=&#8220;{}&#8220;][et_pb_row _builder_version=&#8220;4.27.2&#8243; _module_preset=&#8220;default&#8220; global_colors_info=&#8220;{}&#8220;][et_pb_column type=&#8220;4_4&#8243; _builder_version=&#8220;4.27.2&#8243; _module_preset=&#8220;default&#8220; global_colors_info=&#8220;{}&#8220;][et_pb_text _builder_version=&#8220;4.27.2&#8243; _module_preset=&#8220;default&#8220; header_font=&#8220;Montserrat|||on|||||&#8220; header_text_align=&#8220;center&#8220; header_text_color=&#8220;#666666&#8243; header_font_size=&#8220;40px&#8220; global_colors_info=&#8220;{}&#8220;]<\/p>\n<h1>Unsere Leistungen<\/h1>\n<p>[\/et_pb_text][\/et_pb_column][\/et_pb_row][et_pb_row column_structure=&#8220;1_3,1_3,1_3&#8243; make_equal=&#8220;on&#8220; _builder_version=&#8220;4.27.2&#8243; max_width=&#8220;1440px&#8220; use_custom_width=&#8220;on&#8220; custom_width_px=&#8220;1440px&#8220; global_colors_info=&#8220;{}&#8220;][et_pb_column type=&#8220;1_3&#8243; _builder_version=&#8220;4.27.2&#8243; background_color=&#8220;#FFFFFF&#8220; custom_padding=&#8220;|||&#8220; global_colors_info=&#8220;{}&#8220; custom_padding__hover=&#8220;|||&#8220;][et_pb_image src=&#8220;https:\/\/www.klenk-karosseriebau.de\/wp-content\/uploads\/2024\/11\/Touran-Klenk.jpg&#8220; alt=&#8220;PKW-Instansetzung BMW fertig&#8220; title_text=&#8220;Touran-Klenk&#8220; force_fullwidth=&#8220;on&#8220; align_tablet=&#8220;center&#8220; align_phone=&#8220;center&#8220; align_last_edited=&#8220;on|desktop&#8220; _builder_version=&#8220;4.27.3&#8243; locked=&#8220;off&#8220; global_colors_info=&#8220;{}&#8220;][\/et_pb_image][et_pb_text admin_label=&#8220;Service Name&#8220; _builder_version=&#8220;4.27.3&#8243; text_font=&#8220;Montserrat||||||||&#8220; text_text_color=&#8220;#666666&#8243; header_font=&#8220;||||||||&#8220; header_3_font=&#8220;Montserrat||||||||&#8220; header_3_text_color=&#8220;#666666&#8243; header_3_line_height=&#8220;1.5em&#8220; custom_padding=&#8220;10px|20px||20px&#8220; locked=&#8220;off&#8220; global_colors_info=&#8220;{}&#8220;]<\/p>\n<h3><\/h3>\n<h3>Unfallservice und Instandsetzung<\/h3>\n<p>Wir reparieren Ihr Auto fachm\u00e4nnisch und g\u00fcnstig bei Unfallsch\u00e4den genauso wie bei einer n\u00f6tigen Altersreparatur.<\/p>\n<p>[\/et_pb_text][et_pb_button button_url=&#8220;@ET-DC@eyJkeW5hbWljIjp0cnVlLCJjb250ZW50IjoicG9zdF9saW5rX3VybF9wYWdlIiwic2V0dGluZ3MiOnsicG9zdF9pZCI6IjczIn19@&#8220; button_text=&#8220;Mehr erfahren&#8220; _builder_version=&#8220;4.27.2&#8243; _dynamic_attributes=&#8220;button_url&#8220; custom_margin=&#8220;|20px|20px|20px|false|false&#8220; custom_padding=&#8220;5px|5px|5px|5px|false|false&#8220; button_text_color_hover=&#8220;#e09900&#8243; button_bg_color_hover=&#8220;rgba(0,0,0,0)&#8220; locked=&#8220;off&#8220; global_colors_info=&#8220;{}&#8220; button_text_size__hover_enabled=&#8220;off&#8220; button_one_text_size__hover_enabled=&#8220;off&#8220; button_two_text_size__hover_enabled=&#8220;off&#8220; button_text_color__hover_enabled=&#8220;on&#8220; button_text_color__hover=&#8220;#e09900&#8243; button_one_text_color__hover_enabled=&#8220;off&#8220; button_two_text_color__hover_enabled=&#8220;off&#8220; button_border_width__hover_enabled=&#8220;off&#8220; button_one_border_width__hover_enabled=&#8220;off&#8220; button_two_border_width__hover_enabled=&#8220;off&#8220; button_border_color__hover_enabled=&#8220;off&#8220; button_one_border_color__hover_enabled=&#8220;off&#8220; button_two_border_color__hover_enabled=&#8220;off&#8220; button_border_radius__hover_enabled=&#8220;off&#8220; button_one_border_radius__hover_enabled=&#8220;off&#8220; button_two_border_radius__hover_enabled=&#8220;off&#8220; button_letter_spacing__hover_enabled=&#8220;off&#8220; button_one_letter_spacing__hover_enabled=&#8220;off&#8220; button_two_letter_spacing__hover_enabled=&#8220;off&#8220; button_bg_color__hover_enabled=&#8220;on&#8220; button_bg_color__hover=&#8220;rgba(0,0,0,0)&#8220; button_one_bg_color__hover_enabled=&#8220;off&#8220; button_two_bg_color__hover_enabled=&#8220;off&#8220;][\/et_pb_button][\/et_pb_column][et_pb_column type=&#8220;1_3&#8243; _builder_version=&#8220;4.16&#8243; background_color=&#8220;#ffffff&#8220; custom_padding=&#8220;|||&#8220; global_colors_info=&#8220;{}&#8220; custom_padding__hover=&#8220;|||&#8220;][et_pb_image src=&#8220;https:\/\/www.klenk-karosseriebau.de\/wp-content\/uploads\/2025\/10\/Homepage-El-Camino.jpg&#8220; alt=&#8220;Lackierung Kundenwunsch Touran Rosa&#8220; title_text=&#8220;Homepage El Camino&#8220; force_fullwidth=&#8220;on&#8220; align_tablet=&#8220;center&#8220; align_phone=&#8220;center&#8220; align_last_edited=&#8220;on|desktop&#8220; _builder_version=&#8220;4.27.4&#8243; custom_margin_tablet=&#8220;&#8220; custom_margin_phone=&#8220;&#8220; custom_margin_last_edited=&#8220;on|phone&#8220; hover_enabled=&#8220;0&#8243; global_colors_info=&#8220;{}&#8220; sticky_enabled=&#8220;0&#8243;][\/et_pb_image][et_pb_text admin_label=&#8220;Service Name&#8220; _builder_version=&#8220;4.27.4&#8243; text_font=&#8220;Montserrat||||||||&#8220; text_text_color=&#8220;#666666&#8243; header_font=&#8220;||||||||&#8220; header_text_color=&#8220;#666666&#8243; header_3_font=&#8220;Montserrat||||||||&#8220; header_3_text_color=&#8220;#666666&#8243; header_3_line_height=&#8220;1.5em&#8220; custom_padding=&#8220;10px|20px||20px&#8220; hover_enabled=&#8220;0&#8243; global_colors_info=&#8220;{}&#8220; sticky_enabled=&#8220;0&#8243;]<\/p>\n<h3>Lackierungen<\/h3>\n<p>Ob Industrielackierung oder einen neuen Lack f\u00fcr Ihr Auto, wir erf\u00fcllen auch ausgefallene Kundenw\u00fcnsche. Testen Sie uns!<\/p>\n<p>[\/et_pb_text][et_pb_button button_url=&#8220;@ET-DC@eyJkeW5hbWljIjp0cnVlLCJjb250ZW50IjoicG9zdF9saW5rX3VybF9wYWdlIiwic2V0dGluZ3MiOnsicG9zdF9pZCI6IjI1NSJ9fQ==@&#8220; button_text=&#8220;Mehr erfahren&#8220; _builder_version=&#8220;4.27.3&#8243; _dynamic_attributes=&#8220;button_url&#8220; custom_margin=&#8220;|20px|20px|20px|false|false&#8220; custom_padding=&#8220;5px|5px|5px|5px|false|false&#8220; button_text_color_hover=&#8220;#e09900&#8243; button_bg_color_hover=&#8220;rgba(0,0,0,0)&#8220; global_colors_info=&#8220;{}&#8220; button_text_size__hover_enabled=&#8220;off&#8220; button_one_text_size__hover_enabled=&#8220;off&#8220; button_two_text_size__hover_enabled=&#8220;off&#8220; button_text_color__hover_enabled=&#8220;on&#8220; button_text_color__hover=&#8220;#e09900&#8243; button_one_text_color__hover_enabled=&#8220;off&#8220; button_two_text_color__hover_enabled=&#8220;off&#8220; button_border_width__hover_enabled=&#8220;off&#8220; button_one_border_width__hover_enabled=&#8220;off&#8220; button_two_border_width__hover_enabled=&#8220;off&#8220; button_border_color__hover_enabled=&#8220;off&#8220; button_one_border_color__hover_enabled=&#8220;off&#8220; button_two_border_color__hover_enabled=&#8220;off&#8220; button_border_radius__hover_enabled=&#8220;off&#8220; button_one_border_radius__hover_enabled=&#8220;off&#8220; button_two_border_radius__hover_enabled=&#8220;off&#8220; button_letter_spacing__hover_enabled=&#8220;off&#8220; button_one_letter_spacing__hover_enabled=&#8220;off&#8220; button_two_letter_spacing__hover_enabled=&#8220;off&#8220; button_bg_color__hover_enabled=&#8220;on&#8220; button_bg_color__hover=&#8220;rgba(0,0,0,0)&#8220; button_one_bg_color__hover_enabled=&#8220;off&#8220; button_two_bg_color__hover_enabled=&#8220;off&#8220;][\/et_pb_button][\/et_pb_column][et_pb_column type=&#8220;1_3&#8243; _builder_version=&#8220;4.16&#8243; background_color=&#8220;#ffffff&#8220; custom_padding=&#8220;|||&#8220; global_colors_info=&#8220;{}&#8220; custom_padding__hover=&#8220;|||&#8220;][et_pb_image src=&#8220;https:\/\/www.klenk-karosseriebau.de\/wp-content\/uploads\/2024\/11\/Ein-Umbauten-Sonder-Nutzfahrzeugen-Klenk-Karosseriebau-Frankfurt-a-M.jpg&#8220; alt=&#8220; Ein- und Umbauten an Sonder und Nutzfahrzeugen bei Klenk Karosseriebau Frankfurt am Main&#8220; title_text=&#8220; Ein- und Umbauten an Sonder und Nutzfahrzeugen bei Klenk Karosseriebau Frankfurt am Main&#8220; force_fullwidth=&#8220;on&#8220; align_tablet=&#8220;center&#8220; align_phone=&#8220;center&#8220; align_last_edited=&#8220;on|desktop&#8220; _builder_version=&#8220;4.27.2&#8243; locked=&#8220;off&#8220; global_colors_info=&#8220;{}&#8220;][\/et_pb_image][et_pb_text admin_label=&#8220;Service Name&#8220; _builder_version=&#8220;4.27.3&#8243; text_font=&#8220;Montserrat||||||||&#8220; text_text_color=&#8220;#666666&#8243; header_font=&#8220;||||||||&#8220; header_3_font=&#8220;Montserrat||||||||&#8220; header_3_text_color=&#8220;#666666&#8243; header_3_line_height=&#8220;1.5em&#8220; custom_padding=&#8220;10px|20px||20px&#8220; locked=&#8220;off&#8220; global_colors_info=&#8220;{}&#8220;]<\/p>\n<h3>Karosseriebau<\/h3>\n<p>Ein- und Umbauten an Sonder- und Nutzfahrzeugen ganz nach Kundenwunsch geh\u00f6ren zu unseren gro\u00dfen Spezialit\u00e4ten.<\/p>\n<p>[\/et_pb_text][et_pb_button button_url=&#8220;@ET-DC@eyJkeW5hbWljIjp0cnVlLCJjb250ZW50IjoicG9zdF9saW5rX3VybF9wYWdlIiwic2V0dGluZ3MiOnsicG9zdF9pZCI6IjI4NCJ9fQ==@&#8220; button_text=&#8220;Mehr erfahren&#8220; _builder_version=&#8220;4.27.3&#8243; _dynamic_attributes=&#8220;button_url&#8220; custom_margin=&#8220;|20px|20px|20px|false|false&#8220; custom_padding=&#8220;5px|5px|5px|5px|false|false&#8220; button_text_color_hover=&#8220;#e09900&#8243; button_bg_color_hover=&#8220;rgba(0,0,0,0)&#8220; locked=&#8220;off&#8220; global_colors_info=&#8220;{}&#8220; button_text_size__hover_enabled=&#8220;off&#8220; button_one_text_size__hover_enabled=&#8220;off&#8220; button_two_text_size__hover_enabled=&#8220;off&#8220; button_text_color__hover_enabled=&#8220;on&#8220; button_text_color__hover=&#8220;#e09900&#8243; button_one_text_color__hover_enabled=&#8220;off&#8220; button_two_text_color__hover_enabled=&#8220;off&#8220; button_border_width__hover_enabled=&#8220;off&#8220; button_one_border_width__hover_enabled=&#8220;off&#8220; button_two_border_width__hover_enabled=&#8220;off&#8220; button_border_color__hover_enabled=&#8220;off&#8220; button_one_border_color__hover_enabled=&#8220;off&#8220; button_two_border_color__hover_enabled=&#8220;off&#8220; button_border_radius__hover_enabled=&#8220;off&#8220; button_one_border_radius__hover_enabled=&#8220;off&#8220; button_two_border_radius__hover_enabled=&#8220;off&#8220; button_letter_spacing__hover_enabled=&#8220;off&#8220; button_one_letter_spacing__hover_enabled=&#8220;off&#8220; button_two_letter_spacing__hover_enabled=&#8220;off&#8220; button_bg_color__hover_enabled=&#8220;on&#8220; button_bg_color__hover=&#8220;rgba(0,0,0,0)&#8220; button_one_bg_color__hover_enabled=&#8220;off&#8220; button_two_bg_color__hover_enabled=&#8220;off&#8220;][\/et_pb_button][\/et_pb_column][\/et_pb_row][et_pb_row column_structure=&#8220;1_3,1_3,1_3&#8243; make_equal=&#8220;on&#8220; _builder_version=&#8220;4.27.2&#8243; max_width=&#8220;1440px&#8220; custom_padding=&#8220;|||&#8220; use_custom_width=&#8220;on&#8220; custom_width_px=&#8220;1440px&#8220; global_colors_info=&#8220;{}&#8220;][et_pb_column type=&#8220;1_3&#8243; _builder_version=&#8220;4.16&#8243; background_color=&#8220;#ffffff&#8220; custom_padding=&#8220;|||&#8220; global_colors_info=&#8220;{}&#8220; custom_padding__hover=&#8220;|||&#8220;][et_pb_image src=&#8220;https:\/\/www.klenk-karosseriebau.de\/wp-content\/uploads\/2024\/10\/BMW_fertig.jpg&#8220; alt=&#8220;PKW-Instansetzung BMW fertig&#8220; title_text=&#8220;PKW-Instansetzung BMW fertig&#8220; force_fullwidth=&#8220;on&#8220; align_tablet=&#8220;center&#8220; align_phone=&#8220;center&#8220; align_last_edited=&#8220;on|desktop&#8220; _builder_version=&#8220;4.27.3&#8243; locked=&#8220;off&#8220; global_colors_info=&#8220;{}&#8220;][\/et_pb_image][et_pb_text admin_label=&#8220;Service Name&#8220; _builder_version=&#8220;4.27.3&#8243; text_font=&#8220;Montserrat||||||||&#8220; text_text_color=&#8220;#666666&#8243; header_font=&#8220;||||||||&#8220; header_3_font=&#8220;Montserrat||||||||&#8220; header_3_text_color=&#8220;#666666&#8243; header_3_line_height=&#8220;1.5em&#8220; custom_padding=&#8220;10px|20px||20px&#8220; locked=&#8220;off&#8220; global_colors_info=&#8220;{}&#8220;]<\/p>\n<h3>Autowartung und -Aufbereitung<\/h3>\n<p>Wir machen Inspektionen und warten Ihr Auto. \u00dcbernehmen T\u00dcV-Vorf\u00fchrungen und bereiten Leasing-R\u00fcckgaben vor.<\/p>\n<p>[\/et_pb_text][et_pb_button button_url=&#8220;@ET-DC@eyJkeW5hbWljIjp0cnVlLCJjb250ZW50IjoicG9zdF9saW5rX3VybF9wYWdlIiwic2V0dGluZ3MiOnsicG9zdF9pZCI6IjI2MCJ9fQ==@&#8220; button_text=&#8220;Mehr Erfahren&#8220; _builder_version=&#8220;4.27.3&#8243; _dynamic_attributes=&#8220;button_url&#8220; custom_margin=&#8220;|20px|20px|20px|false|false&#8220; custom_padding=&#8220;5px|5px|5px|5px|false|false&#8220; button_text_color_hover=&#8220;#e09900&#8243; button_bg_color_hover=&#8220;rgba(0,0,0,0)&#8220; locked=&#8220;off&#8220; global_colors_info=&#8220;{}&#8220; button_text_size__hover_enabled=&#8220;off&#8220; button_one_text_size__hover_enabled=&#8220;off&#8220; button_two_text_size__hover_enabled=&#8220;off&#8220; button_text_color__hover_enabled=&#8220;on&#8220; button_text_color__hover=&#8220;#e09900&#8243; button_one_text_color__hover_enabled=&#8220;off&#8220; button_two_text_color__hover_enabled=&#8220;off&#8220; button_border_width__hover_enabled=&#8220;off&#8220; button_one_border_width__hover_enabled=&#8220;off&#8220; button_two_border_width__hover_enabled=&#8220;off&#8220; button_border_color__hover_enabled=&#8220;off&#8220; button_one_border_color__hover_enabled=&#8220;off&#8220; button_two_border_color__hover_enabled=&#8220;off&#8220; button_border_radius__hover_enabled=&#8220;off&#8220; button_one_border_radius__hover_enabled=&#8220;off&#8220; button_two_border_radius__hover_enabled=&#8220;off&#8220; button_letter_spacing__hover_enabled=&#8220;off&#8220; button_one_letter_spacing__hover_enabled=&#8220;off&#8220; button_two_letter_spacing__hover_enabled=&#8220;off&#8220; button_bg_color__hover_enabled=&#8220;on&#8220; button_bg_color__hover=&#8220;rgba(0,0,0,0)&#8220; button_one_bg_color__hover_enabled=&#8220;off&#8220; button_two_bg_color__hover_enabled=&#8220;off&#8220;][\/et_pb_button][\/et_pb_column][et_pb_column type=&#8220;1_3&#8243; _builder_version=&#8220;4.16&#8243; background_color=&#8220;#ffffff&#8220; custom_padding=&#8220;|||&#8220; global_colors_info=&#8220;{}&#8220; custom_padding__hover=&#8220;|||&#8220;][et_pb_image src=&#8220;https:\/\/www.klenk-karosseriebau.de\/wp-content\/uploads\/2024\/10\/Kratzer-VL-scaled.jpg&#8220; alt=&#8220;Lacksch\u00e4den beheben \u2013 Klenk Karosseriebau Frankfurt&#8220; title_text=&#8220;Lacksch\u00e4den beheben \u2013 Klenk Karosseriebau Frankfurt&#8220; force_fullwidth=&#8220;on&#8220; align_tablet=&#8220;center&#8220; align_phone=&#8220;center&#8220; align_last_edited=&#8220;on|desktop&#8220; _builder_version=&#8220;4.27.3&#8243; custom_margin_tablet=&#8220;&#8220; custom_margin_phone=&#8220;&#8220; custom_margin_last_edited=&#8220;on|phone&#8220; global_colors_info=&#8220;{}&#8220;][\/et_pb_image][et_pb_text admin_label=&#8220;Service Name&#8220; _builder_version=&#8220;4.27.4&#8243; text_font=&#8220;Montserrat||||||||&#8220; text_text_color=&#8220;#666666&#8243; header_font=&#8220;||||||||&#8220; header_3_font=&#8220;Montserrat||||||||&#8220; header_3_text_color=&#8220;#666666&#8243; header_3_line_height=&#8220;1.5em&#8220; custom_padding=&#8220;10px|20px||20px&#8220; global_colors_info=&#8220;{}&#8220;]<\/p>\n<h3>Smart Repair<\/h3>\n<p>Die clevere und g\u00fcnstige Art, \u2028kleine Sch\u00e4den an Ihrem Fahrzeug zu beheben.<\/p>\n<p>&nbsp;<\/p>\n<p>[\/et_pb_text][et_pb_button button_url=&#8220;@ET-DC@eyJkeW5hbWljIjp0cnVlLCJjb250ZW50IjoicG9zdF9saW5rX3VybF9wYWdlIiwic2V0dGluZ3MiOnsicG9zdF9pZCI6IjQyMiJ9fQ==@&#8220; button_text=&#8220;Mehr Erfahren&#8220; _builder_version=&#8220;4.27.3&#8243; _dynamic_attributes=&#8220;button_url&#8220; custom_margin=&#8220;|20px|20px|20px|false|false&#8220; custom_padding=&#8220;5px|5px|5px|5px|false|false&#8220; button_text_color_hover=&#8220;#e09900&#8243; button_bg_color_hover=&#8220;rgba(0,0,0,0)&#8220; locked=&#8220;off&#8220; global_colors_info=&#8220;{}&#8220; button_text_size__hover_enabled=&#8220;off&#8220; button_one_text_size__hover_enabled=&#8220;off&#8220; button_two_text_size__hover_enabled=&#8220;off&#8220; button_text_color__hover_enabled=&#8220;on&#8220; button_text_color__hover=&#8220;#e09900&#8243; button_one_text_color__hover_enabled=&#8220;off&#8220; button_two_text_color__hover_enabled=&#8220;off&#8220; button_border_width__hover_enabled=&#8220;off&#8220; button_one_border_width__hover_enabled=&#8220;off&#8220; button_two_border_width__hover_enabled=&#8220;off&#8220; button_border_color__hover_enabled=&#8220;off&#8220; button_one_border_color__hover_enabled=&#8220;off&#8220; button_two_border_color__hover_enabled=&#8220;off&#8220; button_border_radius__hover_enabled=&#8220;off&#8220; button_one_border_radius__hover_enabled=&#8220;off&#8220; button_two_border_radius__hover_enabled=&#8220;off&#8220; button_letter_spacing__hover_enabled=&#8220;off&#8220; button_one_letter_spacing__hover_enabled=&#8220;off&#8220; button_two_letter_spacing__hover_enabled=&#8220;off&#8220; button_bg_color__hover_enabled=&#8220;on&#8220; button_bg_color__hover=&#8220;rgba(0,0,0,0)&#8220; button_one_bg_color__hover_enabled=&#8220;off&#8220; button_two_bg_color__hover_enabled=&#8220;off&#8220;][\/et_pb_button][\/et_pb_column][et_pb_column type=&#8220;1_3&#8243; _builder_version=&#8220;4.16&#8243; background_color=&#8220;#ffffff&#8220; custom_padding=&#8220;|||&#8220; global_colors_info=&#8220;{}&#8220; custom_padding__hover=&#8220;|||&#8220;][et_pb_image src=&#8220;https:\/\/www.klenk-karosseriebau.de\/wp-content\/uploads\/2024\/11\/Oldtimer-Restaurierung_Klenk-Karosseriebau-Frankfurt.jpg&#8220; alt=&#8220;Oldtimer Restaurierung, Klenk Karosseriebau, Frankfurt am Main&#8220; title_text=&#8220;Oldtimer Restaurierung, Klenk Karosseriebau, Frankfurt am Main&#8220; force_fullwidth=&#8220;on&#8220; align_tablet=&#8220;center&#8220; align_phone=&#8220;center&#8220; align_last_edited=&#8220;on|desktop&#8220; _builder_version=&#8220;4.27.3&#8243; locked=&#8220;off&#8220; global_colors_info=&#8220;{}&#8220;][\/et_pb_image][et_pb_text admin_label=&#8220;Service Name&#8220; _builder_version=&#8220;4.27.3&#8243; text_font=&#8220;Montserrat||||||||&#8220; text_text_color=&#8220;#666666&#8243; header_font=&#8220;||||||||&#8220; header_3_font=&#8220;Montserrat||||||||&#8220; header_3_line_height=&#8220;1.5em&#8220; custom_padding=&#8220;10px|20px||20px&#8220; locked=&#8220;off&#8220; global_colors_info=&#8220;{}&#8220;]<\/p>\n<h3>Oldtimer-Restaurierung<\/h3>\n<p>Das ist unsere gro\u00dfe Leidenschaft! Und daf\u00fcr haben wir auch jahrelange Erfahrung und die richtigen H\u00e4ndchen.<\/p>\n<p>[\/et_pb_text][et_pb_button button_url=&#8220;@ET-DC@eyJkeW5hbWljIjp0cnVlLCJjb250ZW50IjoicG9zdF9saW5rX3VybF9wYWdlIiwic2V0dGluZ3MiOnsicG9zdF9pZCI6IjQ3NSJ9fQ==@&#8220; button_text=&#8220;Mehr Erfahren&#8220; _builder_version=&#8220;4.27.3&#8243; _dynamic_attributes=&#8220;button_url&#8220; custom_margin=&#8220;|20px|20px|20px|false|false&#8220; custom_padding=&#8220;5px|5px|5px|5px|false|false&#8220; button_text_color_hover=&#8220;#e09900&#8243; button_bg_color_hover=&#8220;rgba(0,0,0,0)&#8220; locked=&#8220;off&#8220; global_colors_info=&#8220;{}&#8220; button_text_size__hover_enabled=&#8220;off&#8220; button_one_text_size__hover_enabled=&#8220;off&#8220; button_two_text_size__hover_enabled=&#8220;off&#8220; button_text_color__hover_enabled=&#8220;on&#8220; button_text_color__hover=&#8220;#e09900&#8243; button_one_text_color__hover_enabled=&#8220;off&#8220; button_two_text_color__hover_enabled=&#8220;off&#8220; button_border_width__hover_enabled=&#8220;off&#8220; button_one_border_width__hover_enabled=&#8220;off&#8220; button_two_border_width__hover_enabled=&#8220;off&#8220; button_border_color__hover_enabled=&#8220;off&#8220; button_one_border_color__hover_enabled=&#8220;off&#8220; button_two_border_color__hover_enabled=&#8220;off&#8220; button_border_radius__hover_enabled=&#8220;off&#8220; button_one_border_radius__hover_enabled=&#8220;off&#8220; button_two_border_radius__hover_enabled=&#8220;off&#8220; button_letter_spacing__hover_enabled=&#8220;off&#8220; button_one_letter_spacing__hover_enabled=&#8220;off&#8220; button_two_letter_spacing__hover_enabled=&#8220;off&#8220; button_bg_color__hover_enabled=&#8220;on&#8220; button_bg_color__hover=&#8220;rgba(0,0,0,0)&#8220; button_one_bg_color__hover_enabled=&#8220;off&#8220; button_two_bg_color__hover_enabled=&#8220;off&#8220;][\/et_pb_button][\/et_pb_column][\/et_pb_row][\/et_pb_section][et_pb_section fb_built=&#8220;1&#8243; admin_label=&#8220;Testimonials&#8220; _builder_version=&#8220;4.16&#8243; custom_padding=&#8220;120px|0px|120px|0px&#8220; saved_tabs=&#8220;all&#8220; global_colors_info=&#8220;{}&#8220;][et_pb_row _builder_version=&#8220;4.16&#8243; custom_padding=&#8220;|||&#8220; border_color_bottom=&#8220;#e8e8e8&#8243; global_colors_info=&#8220;{}&#8220;][et_pb_column type=&#8220;4_4&#8243; _builder_version=&#8220;4.16&#8243; custom_padding=&#8220;|||&#8220; global_colors_info=&#8220;{}&#8220; custom_padding__hover=&#8220;|||&#8220;][et_pb_text _builder_version=&#8220;4.16&#8243; text_font=&#8220;Montserrat||||||||&#8220; text_font_size=&#8220;18px&#8220; header_font=&#8220;||||||||&#8220; header_line_height=&#8220;1.4em&#8220; header_2_font=&#8220;Montserrat||||||||&#8220; header_2_text_align=&#8220;center&#8220; header_2_font_size=&#8220;40px&#8220; header_2_line_height=&#8220;1.5em&#8220; text_orientation=&#8220;center&#8220; custom_margin=&#8220;|||&#8220; custom_padding=&#8220;|||&#8220; text_font_size_tablet=&#8220;16px&#8220; text_font_size_phone=&#8220;16px&#8220; text_font_size_last_edited=&#8220;on|desktop&#8220; global_colors_info=&#8220;{}&#8220;]<\/p>\n<h2>Zufriedene Kunden<\/h2>\n<p>[\/et_pb_text][\/et_pb_column][\/et_pb_row][et_pb_row column_structure=&#8220;1_2,1_2&#8243; _builder_version=&#8220;4.16&#8243; max_width=&#8220;1440px&#8220; custom_padding=&#8220;50px|0px|50px|0px&#8220; border_width_bottom=&#8220;1px&#8220; border_color_bottom=&#8220;#e8e8e8&#8243; use_custom_width=&#8220;on&#8220; custom_width_px=&#8220;1440px&#8220; global_colors_info=&#8220;{}&#8220;][et_pb_column type=&#8220;1_2&#8243; _builder_version=&#8220;4.16&#8243; custom_padding=&#8220;|||&#8220; global_colors_info=&#8220;{}&#8220; custom_padding__hover=&#8220;|||&#8220;][et_pb_image src=&#8220;https:\/\/www.klenk-karosseriebau.de\/wp-content\/uploads\/2024\/10\/stars-5.png&#8220; align=&#8220;center&#8220; align_tablet=&#8220;center&#8220; align_phone=&#8220;center&#8220; align_last_edited=&#8220;on|desktop&#8220; _builder_version=&#8220;4.16&#8243; animation_style=&#8220;slide&#8220; animation_direction=&#8220;bottom&#8220; global_colors_info=&#8220;{}&#8220;][\/et_pb_image][et_pb_text admin_label=&#8220;Clients Testimonial&#8220; _builder_version=&#8220;4.27.2&#8243; text_font=&#8220;Montserrat|300|on||||||&#8220; text_font_size=&#8220;20px&#8220; text_line_height=&#8220;2em&#8220; text_orientation=&#8220;center&#8220; custom_margin=&#8220;|||&#8220; global_colors_info=&#8220;{}&#8220;]<\/p>\n<p>&#8222;Sehr nett und freundliches Team! Telefonisch gut erreichbar, werde sicherlich noch mal mich beraten lassen.&#8220; FS<\/p>\n<p>[\/et_pb_text][\/et_pb_column][et_pb_column type=&#8220;1_2&#8243; _builder_version=&#8220;4.16&#8243; custom_padding=&#8220;|||&#8220; global_colors_info=&#8220;{}&#8220; custom_padding__hover=&#8220;|||&#8220;][et_pb_image src=&#8220;https:\/\/www.klenk-karosseriebau.de\/wp-content\/uploads\/2024\/10\/stars-5.png&#8220; align=&#8220;center&#8220; align_tablet=&#8220;center&#8220; align_phone=&#8220;center&#8220; align_last_edited=&#8220;on|desktop&#8220; _builder_version=&#8220;4.16&#8243; animation_style=&#8220;slide&#8220; animation_direction=&#8220;bottom&#8220; locked=&#8220;off&#8220; global_colors_info=&#8220;{}&#8220;][\/et_pb_image][et_pb_text admin_label=&#8220;Clients Testimonial&#8220; _builder_version=&#8220;4.27.2&#8243; text_font=&#8220;Montserrat|300|on||||||&#8220; text_font_size=&#8220;20px&#8220; text_line_height=&#8220;2em&#8220; text_orientation=&#8220;center&#8220; custom_margin=&#8220;|||&#8220; locked=&#8220;off&#8220; global_colors_info=&#8220;{}&#8220;]<\/p>\n<p>&#8222;Waren mit dem 3. Schaden dort und wie immer wurde wir kompetent und freundlich beraten. Das Ergebnisse sind \u00fcber die Jahre hinweg qualitativ besser als es viele Fachwerkst\u00e4tten hinbekommen und dazu immer zu einem fairen Preis. Preis-Leistung des Handwerks stimmen!&#8220; SG<\/p>\n<p>[\/et_pb_text][\/et_pb_column][\/et_pb_row][\/et_pb_section][et_pb_section fb_built=&#8220;1&#8243; admin_label=&#8220;Footer Section&#8220; _builder_version=&#8220;4.16&#8243; use_background_color_gradient=&#8220;on&#8220; background_color_gradient_stops=&#8220;rgba(20,61,88,0.65) 0%|#143d58 100%&#8220; background_color_gradient_overlays_image=&#8220;on&#8220; background_color_gradient_start=&#8220;rgba(20,61,88,0.65)&#8220; background_color_gradient_end=&#8220;#143d58&#8243; background_image=&#8220;https:\/\/www.klenk-karosseriebau.de\/wp-content\/uploads\/2024\/10\/car_repair_shop-24-1.jpg&#8220; custom_margin=&#8220;||-3px|||&#8220; custom_padding=&#8220;8vw|0px|8vw|0px&#8220; bottom_divider_style=&#8220;mountains2&#8243; bottom_divider_color=&#8220;rgba(5,41,66,0.3)&#8220; bottom_divider_height=&#8220;50%&#8220; animation_style=&#8220;slide&#8220; animation_direction=&#8220;bottom&#8220; animation_intensity_slide=&#8220;6%&#8220; animation_starting_opacity=&#8220;100%&#8220; global_module=&#8220;218&#8243; saved_tabs=&#8220;all&#8220; global_colors_info=&#8220;{}&#8220;][et_pb_row admin_label=&#8220;Footer Row&#8220; _builder_version=&#8220;4.16&#8243; custom_padding=&#8220;|||&#8220; global_colors_info=&#8220;{}&#8220;][et_pb_column type=&#8220;4_4&#8243; _builder_version=&#8220;4.16&#8243; custom_padding=&#8220;|||&#8220; global_colors_info=&#8220;{}&#8220; custom_padding__hover=&#8220;|||&#8220;][et_pb_text admin_label=&#8220;Title&#8220; _builder_version=&#8220;4.27.2&#8243; text_font=&#8220;Montserrat||||||||&#8220; text_text_color=&#8220;#a4bccb&#8220; text_font_size=&#8220;20px&#8220; header_font=&#8220;||||||||&#8220; header_2_font=&#8220;Montserrat||||||||&#8220; header_2_text_align=&#8220;center&#8220; header_2_line_height=&#8220;1.5em&#8220; header_3_font=&#8220;Montserrat|500|||||||&#8220; header_3_text_align=&#8220;center&#8220; header_3_font_size=&#8220;55px&#8220; header_3_line_height=&#8220;1.5em&#8220; text_orientation=&#8220;center&#8220; background_layout=&#8220;dark&#8220; max_width=&#8220;700px&#8220; module_alignment=&#8220;center&#8220; custom_margin=&#8220;||0px|&#8220; header_3_font_size_tablet=&#8220;60px&#8220; header_3_font_size_phone=&#8220;52px&#8220; header_3_font_size_last_edited=&#8220;on|tablet&#8220; global_colors_info=&#8220;{}&#8220;]<\/p>\n<h2>Klenk Karosseriebau Frankfurt\/M.<\/h2>\n<h3>Ihre Zufriedenheit ist unser Ansporn<\/h3>\n<p>[\/et_pb_text][\/et_pb_column][\/et_pb_row][et_pb_row admin_label=&#8220;CTA Row&#8220; _builder_version=&#8220;4.16&#8243; custom_padding=&#8220;|||&#8220; global_colors_info=&#8220;{}&#8220;][et_pb_column type=&#8220;4_4&#8243; _builder_version=&#8220;4.16&#8243; custom_padding=&#8220;|||&#8220; global_colors_info=&#8220;{}&#8220; custom_padding__hover=&#8220;|||&#8220;][et_pb_blurb title=&#8220;Rufen Sie uns an&#8220; admin_label=&#8220;CTA&#8220; _builder_version=&#8220;4.27.4&#8243; header_font=&#8220;Montserrat||||||||&#8220; header_text_color=&#8220;#a4bccb&#8220; header_font_size=&#8220;20px&#8220; header_line_height=&#8220;1.5em&#8220; body_font=&#8220;Montserrat|500|||||||&#8220; body_text_align=&#8220;center&#8220; body_font_size=&#8220;30px&#8220; text_orientation=&#8220;center&#8220; background_layout=&#8220;dark&#8220; animation=&#8220;off&#8220; global_colors_info=&#8220;{}&#8220;]<\/p>\n<p>069.979900-0<\/p>\n<p>[\/et_pb_blurb][\/et_pb_column][\/et_pb_row][\/et_pb_section]<\/p>\n","protected":false},"excerpt":{"rendered":"<p>Auto &#8211; und IndustrielackierungLackierungen nach KundenwunschGef\u00e4llt Ihnen die Farbe Ihres Autos nicht mehr, ist der Lack stumpf und h\u00e4sslich geworden, suchen Sie eine ganz besondere Farbkombination? Alles kein Problem! Wir lackieren Ihr Fahrzeug so wie Sie es haben m\u00f6chten. Ob PKW oder LKW, in unserer modernen Lackierhalle finden auch XXL-Typen gen\u00fcgend Platz. Selbstverst\u00e4ndlich nehmen wir [&hellip;]<\/p>\n","protected":false},"author":1,"featured_media":0,"parent":0,"menu_order":0,"comment_status":"closed","ping_status":"closed","template":"","meta":{"_et_pb_use_builder":"on","_et_pb_old_content":"","_et_gb_content_width":"","footnotes":""},"class_list":["post-255","page","type-page","status-publish","hentry"],"yoast_head":"<!-- This site is optimized with the Yoast SEO plugin v27.5 - https:\/\/yoast.com\/product\/yoast-seo-wordpress\/ -->\n<title>Auto- und Industrielackierungen - Klenk Karosseriebau Frankfurt am Main<\/title>\n<meta name=\"description\" content=\"Gef\u00e4llt Ihnen die Farbe Ihres Autos nicht mehr, ist der Lack stumpf und h\u00e4sslich geworden, suchen Sie eine ganz besondere Farbkombination? Wir lackieren Ihr Fahrzeug so wie Sie es haben m\u00f6chten.\" \/>\n<meta name=\"robots\" content=\"index, follow, max-snippet:-1, max-image-preview:large, max-video-preview:-1\" \/>\n<link rel=\"canonical\" href=\"https:\/\/www.klenk-karosseriebau.de\/index.php\/auto-und-industrielackierung\/\" \/>\n<meta property=\"og:locale\" content=\"de_DE\" \/>\n<meta property=\"og:type\" content=\"article\" \/>\n<meta property=\"og:title\" content=\"Auto- und Industrielackierungen - Klenk Karosseriebau Frankfurt am Main\" \/>\n<meta property=\"og:description\" content=\"Gef\u00e4llt Ihnen die Farbe Ihres Autos nicht mehr, ist der Lack stumpf und h\u00e4sslich geworden, suchen Sie eine ganz besondere Farbkombination? Wir lackieren Ihr Fahrzeug so wie Sie es haben m\u00f6chten.\" \/>\n<meta property=\"og:url\" content=\"https:\/\/www.klenk-karosseriebau.de\/index.php\/auto-und-industrielackierung\/\" \/>\n<meta property=\"og:site_name\" content=\"Klenk Karosseriebau Frankfurt am Main\" \/>\n<meta property=\"article:modified_time\" content=\"2025-11-07T10:43:47+00:00\" \/>\n<meta name=\"twitter:card\" content=\"summary_large_image\" \/>\n<meta name=\"twitter:label1\" content=\"Gesch\u00e4tzte Lesezeit\" \/>\n\t<meta name=\"twitter:data1\" content=\"5\u00a0Minuten\" \/>\n<script type=\"application\/ld+json\" class=\"yoast-schema-graph\">{\"@context\":\"https:\\\/\\\/schema.org\",\"@graph\":[{\"@type\":\"WebPage\",\"@id\":\"https:\\\/\\\/www.klenk-karosseriebau.de\\\/index.php\\\/auto-und-industrielackierung\\\/\",\"url\":\"https:\\\/\\\/www.klenk-karosseriebau.de\\\/index.php\\\/auto-und-industrielackierung\\\/\",\"name\":\"Auto- und Industrielackierungen - Klenk Karosseriebau Frankfurt am Main\",\"isPartOf\":{\"@id\":\"https:\\\/\\\/www.klenk-karosseriebau.de\\\/#website\"},\"datePublished\":\"2024-11-08T10:21:56+00:00\",\"dateModified\":\"2025-11-07T10:43:47+00:00\",\"description\":\"Gef\u00e4llt Ihnen die Farbe Ihres Autos nicht mehr, ist der Lack stumpf und h\u00e4sslich geworden, suchen Sie eine ganz besondere Farbkombination? Wir lackieren Ihr Fahrzeug so wie Sie es haben m\u00f6chten.\",\"breadcrumb\":{\"@id\":\"https:\\\/\\\/www.klenk-karosseriebau.de\\\/index.php\\\/auto-und-industrielackierung\\\/#breadcrumb\"},\"inLanguage\":\"de\",\"potentialAction\":[{\"@type\":\"ReadAction\",\"target\":[\"https:\\\/\\\/www.klenk-karosseriebau.de\\\/index.php\\\/auto-und-industrielackierung\\\/\"]}]},{\"@type\":\"BreadcrumbList\",\"@id\":\"https:\\\/\\\/www.klenk-karosseriebau.de\\\/index.php\\\/auto-und-industrielackierung\\\/#breadcrumb\",\"itemListElement\":[{\"@type\":\"ListItem\",\"position\":1,\"name\":\"Startseite\",\"item\":\"https:\\\/\\\/www.klenk-karosseriebau.de\\\/\"},{\"@type\":\"ListItem\",\"position\":2,\"name\":\"Auto- und Industrielackierungen\"}]},{\"@type\":\"WebSite\",\"@id\":\"https:\\\/\\\/www.klenk-karosseriebau.de\\\/#website\",\"url\":\"https:\\\/\\\/www.klenk-karosseriebau.de\\\/\",\"name\":\"Klenk Karosseriebau Frankfurt am Main\",\"description\":\"Ihre Zufriedenheit ist unser Ansporn\",\"potentialAction\":[{\"@type\":\"SearchAction\",\"target\":{\"@type\":\"EntryPoint\",\"urlTemplate\":\"https:\\\/\\\/www.klenk-karosseriebau.de\\\/?s={search_term_string}\"},\"query-input\":{\"@type\":\"PropertyValueSpecification\",\"valueRequired\":true,\"valueName\":\"search_term_string\"}}],\"inLanguage\":\"de\"}]}<\/script>\n<!-- \/ Yoast SEO plugin. -->","yoast_head_json":{"title":"Auto- und Industrielackierungen - Klenk Karosseriebau Frankfurt am Main","description":"Gef\u00e4llt Ihnen die Farbe Ihres Autos nicht mehr, ist der Lack stumpf und h\u00e4sslich geworden, suchen Sie eine ganz besondere Farbkombination? Wir lackieren Ihr Fahrzeug so wie Sie es haben m\u00f6chten.","robots":{"index":"index","follow":"follow","max-snippet":"max-snippet:-1","max-image-preview":"max-image-preview:large","max-video-preview":"max-video-preview:-1"},"canonical":"https:\/\/www.klenk-karosseriebau.de\/index.php\/auto-und-industrielackierung\/","og_locale":"de_DE","og_type":"article","og_title":"Auto- und Industrielackierungen - Klenk Karosseriebau Frankfurt am Main","og_description":"Gef\u00e4llt Ihnen die Farbe Ihres Autos nicht mehr, ist der Lack stumpf und h\u00e4sslich geworden, suchen Sie eine ganz besondere Farbkombination? Wir lackieren Ihr Fahrzeug so wie Sie es haben m\u00f6chten.","og_url":"https:\/\/www.klenk-karosseriebau.de\/index.php\/auto-und-industrielackierung\/","og_site_name":"Klenk Karosseriebau Frankfurt am Main","article_modified_time":"2025-11-07T10:43:47+00:00","twitter_card":"summary_large_image","twitter_misc":{"Gesch\u00e4tzte Lesezeit":"5\u00a0Minuten"},"schema":{"@context":"https:\/\/schema.org","@graph":[{"@type":"WebPage","@id":"https:\/\/www.klenk-karosseriebau.de\/index.php\/auto-und-industrielackierung\/","url":"https:\/\/www.klenk-karosseriebau.de\/index.php\/auto-und-industrielackierung\/","name":"Auto- und Industrielackierungen - Klenk Karosseriebau Frankfurt am Main","isPartOf":{"@id":"https:\/\/www.klenk-karosseriebau.de\/#website"},"datePublished":"2024-11-08T10:21:56+00:00","dateModified":"2025-11-07T10:43:47+00:00","description":"Gef\u00e4llt Ihnen die Farbe Ihres Autos nicht mehr, ist der Lack stumpf und h\u00e4sslich geworden, suchen Sie eine ganz besondere Farbkombination? Wir lackieren Ihr Fahrzeug so wie Sie es haben m\u00f6chten.","breadcrumb":{"@id":"https:\/\/www.klenk-karosseriebau.de\/index.php\/auto-und-industrielackierung\/#breadcrumb"},"inLanguage":"de","potentialAction":[{"@type":"ReadAction","target":["https:\/\/www.klenk-karosseriebau.de\/index.php\/auto-und-industrielackierung\/"]}]},{"@type":"BreadcrumbList","@id":"https:\/\/www.klenk-karosseriebau.de\/index.php\/auto-und-industrielackierung\/#breadcrumb","itemListElement":[{"@type":"ListItem","position":1,"name":"Startseite","item":"https:\/\/www.klenk-karosseriebau.de\/"},{"@type":"ListItem","position":2,"name":"Auto- und Industrielackierungen"}]},{"@type":"WebSite","@id":"https:\/\/www.klenk-karosseriebau.de\/#website","url":"https:\/\/www.klenk-karosseriebau.de\/","name":"Klenk Karosseriebau Frankfurt am Main","description":"Ihre Zufriedenheit ist unser Ansporn","potentialAction":[{"@type":"SearchAction","target":{"@type":"EntryPoint","urlTemplate":"https:\/\/www.klenk-karosseriebau.de\/?s={search_term_string}"},"query-input":{"@type":"PropertyValueSpecification","valueRequired":true,"valueName":"search_term_string"}}],"inLanguage":"de"}]}},"_links":{"self":[{"href":"https:\/\/www.klenk-karosseriebau.de\/index.php\/wp-json\/wp\/v2\/pages\/255","targetHints":{"allow":["GET"]}}],"collection":[{"href":"https:\/\/www.klenk-karosseriebau.de\/index.php\/wp-json\/wp\/v2\/pages"}],"about":[{"href":"https:\/\/www.klenk-karosseriebau.de\/index.php\/wp-json\/wp\/v2\/types\/page"}],"author":[{"embeddable":true,"href":"https:\/\/www.klenk-karosseriebau.de\/index.php\/wp-json\/wp\/v2\/users\/1"}],"replies":[{"embeddable":true,"href":"https:\/\/www.klenk-karosseriebau.de\/index.php\/wp-json\/wp\/v2\/comments?post=255"}],"version-history":[{"count":0,"href":"https:\/\/www.klenk-karosseriebau.de\/index.php\/wp-json\/wp\/v2\/pages\/255\/revisions"}],"wp:attachment":[{"href":"https:\/\/www.klenk-karosseriebau.de\/index.php\/wp-json\/wp\/v2\/media?parent=255"}],"curies":[{"name":"wp","href":"https:\/\/api.w.org\/{rel}","templated":true}]}}