{"id":284,"date":"2024-11-08T10:37:03","date_gmt":"2024-11-08T10:37:03","guid":{"rendered":"https:\/\/eins.sieben4zehn5.de\/?page_id=284"},"modified":"2025-12-09T14:32:50","modified_gmt":"2025-12-09T14:32:50","slug":"karosseriebau","status":"publish","type":"page","link":"https:\/\/www.klenk-karosseriebau.de\/index.php\/karosseriebau\/","title":{"rendered":"Karosseriebau"},"content":{"rendered":"\n[et_pb_section fb_built=&#8220;1&#8243; disabled_on=&#8220;off|off|off&#8220; admin_label=&#8220;Header Section&#8220; _builder_version=&#8220;4.27.2&#8243; background_color=&#8220;RGBA(20,61,88,0.65)&#8220; use_background_color_gradient=&#8220;on&#8220; background_color_gradient_stops=&#8220;rgba(20,61,88,0.65) 0%|rgba(12,156,254,0.52) 100%&#8220; background_color_gradient_overlays_image=&#8220;on&#8220; background_color_gradient_start=&#8220;rgba(20,61,88,0.65)&#8220; background_color_gradient_end=&#8220;#143d58&#8243; background_image=&#8220;https:\/\/www.klenk-karosseriebau.de\/wp-content\/uploads\/2024\/11\/Aufbau_LKW-scaled.jpg&#8220; custom_margin=&#8220;|||&#8220; custom_padding=&#8220;6vw|0px|6vw|0px&#8220; bottom_divider_style=&#8220;mountains2&#8243; bottom_divider_color=&#8220;rgba(5,41,66,0.3)&#8220; bottom_divider_height=&#8220;20vw&#8220; animation_style=&#8220;slide&#8220; animation_direction=&#8220;top&#8220; animation_intensity_slide=&#8220;3%&#8220; animation_starting_opacity=&#8220;100%&#8220; global_colors_info=&#8220;{}&#8220;][et_pb_row disabled_on=&#8220;off|off|off&#8220; module_class=&#8220; et_pb_row_fullwidth&#8220; _builder_version=&#8220;4.16&#8243; width=&#8220;89%&#8220; width_tablet=&#8220;80%&#8220; width_phone=&#8220;80%&#8220; width_last_edited=&#8220;on|desktop&#8220; max_width=&#8220;89%&#8220; max_width_tablet=&#8220;80%&#8220; max_width_phone=&#8220;80%&#8220; max_width_last_edited=&#8220;on|desktop&#8220; custom_padding=&#8220;|||&#8220; make_fullwidth=&#8220;on&#8220; global_colors_info=&#8220;{}&#8220;][et_pb_column type=&#8220;4_4&#8243; _builder_version=&#8220;4.16&#8243; custom_padding=&#8220;|||&#8220; global_colors_info=&#8220;{}&#8220; custom_padding__hover=&#8220;|||&#8220;][et_pb_text disabled_on=&#8220;off|off|off&#8220; _builder_version=&#8220;4.27.2&#8243; text_font=&#8220;Montserrat||||||||&#8220; text_font_size=&#8220;22px&#8220; header_font=&#8220;Montserrat|600||on|||||&#8220; header_text_align=&#8220;center&#8220; header_text_color=&#8220;#FFFFFF&#8220; header_font_size=&#8220;44px&#8220; header_line_height=&#8220;1.5em&#8220; text_orientation=&#8220;center&#8220; background_layout=&#8220;dark&#8220; custom_margin=&#8220;|||&#8220; header_font_size_tablet=&#8220;50px&#8220; header_font_size_phone=&#8220;&#8220; header_font_size_last_edited=&#8220;on|desktop&#8220; header_line_height_tablet=&#8220;1.1em&#8220; header_line_height_phone=&#8220;1.2em&#8220; header_line_height_last_edited=&#8220;off|desktop&#8220; global_colors_info=&#8220;{}&#8220;]<h1>Karosseriebau<\/h1>[\/et_pb_text][\/et_pb_column][\/et_pb_row][\/et_pb_section][et_pb_section fb_built=&#8220;1&#8243; specialty=&#8220;on&#8220; padding_top_1=&#8220;80px&#8220; padding_left_1=&#8220;12%&#8220; padding_1_tablet=&#8220;0px|10%||10%&#8220; padding_1_phone=&#8220;&#8220; padding_1_last_edited=&#8220;on|tablet&#8220; admin_label=&#8220;Commitment Section&#8220; _builder_version=&#8220;4.16&#8243; use_background_color_gradient=&#8220;on&#8220; background_color_gradient_direction=&#8220;90deg&#8220; background_color_gradient_stops=&#8220;rgba(242,246,249,0) 80%|#f2f6f9 80%&#8220; background_color_gradient_start=&#8220;rgba(242,246,249,0)&#8220; background_color_gradient_start_position=&#8220;80%&#8220; background_color_gradient_end=&#8220;#f2f6f9&#8243; background_color_gradient_end_position=&#8220;80%&#8220; inner_width=&#8220;100%&#8220; inner_max_width=&#8220;100%&#8220; custom_margin=&#8220;|||&#8220; custom_padding=&#8220;120px|0px|120px|0px&#8220; animation_style=&#8220;slide&#8220; animation_direction=&#8220;right&#8220; animation_intensity_slide=&#8220;2%&#8220; use_custom_width=&#8220;on&#8220; width_unit=&#8220;off&#8220; custom_width_percent=&#8220;100%&#8220; global_colors_info=&#8220;{}&#8220;][et_pb_column type=&#8220;1_2&#8243; _builder_version=&#8220;4.16&#8243; custom_padding=&#8220;|||&#8220; global_colors_info=&#8220;{}&#8220; custom_padding__hover=&#8220;|||&#8220;][et_pb_text admin_label=&#8220;Title&#8220; _builder_version=&#8220;4.27.2&#8243; text_font=&#8220;||||||||&#8220; header_font=&#8220;||||||||&#8220; header_2_font=&#8220;Montserrat|||on|||||&#8220; header_2_text_color=&#8220;#666666&#8243; header_2_font_size=&#8220;36px&#8220; header_2_line_height=&#8220;1.5em&#8220; max_width=&#8220;800px&#8220; custom_margin=&#8220;||20px|&#8220; custom_padding=&#8220;|||&#8220; custom_padding_tablet=&#8220;0px|10%||70px&#8220; custom_padding_phone=&#8220;0px|10%||50px&#8220; custom_padding_last_edited=&#8220;off|desktop&#8220; header_2_font_size_tablet=&#8220;35px&#8220; header_2_font_size_phone=&#8220;35px&#8220; header_2_font_size_last_edited=&#8220;on|phone&#8220; header_2_line_height_tablet=&#8220;1em&#8220; header_2_line_height_phone=&#8220;1.4em&#8220; header_2_line_height_last_edited=&#8220;off|desktop&#8220; global_colors_info=&#8220;{}&#8220;]<h2>Was k\u00f6nnen wir f\u00fcr Sie tun?<\/h2>[\/et_pb_text][et_pb_text admin_label=&#8220;Paragraph&#8220; _builder_version=&#8220;4.27.2&#8243; text_font=&#8220;Montserrat||||||||&#8220; text_text_color=&#8220;#666666&#8243; header_font=&#8220;||||||||&#8220; header_2_font=&#8220;Montserrat|600|||||||&#8220; header_2_text_color=&#8220;#666666&#8243; header_2_font_size=&#8220;24px&#8220; header_2_line_height=&#8220;1.5em&#8220; header_3_text_color=&#8220;#666666&#8243; header_3_line_height=&#8220;1.5em&#8220; max_width=&#8220;800px&#8220; custom_margin=&#8220;||80px|&#8220; custom_padding=&#8220;|||&#8220; custom_padding_tablet=&#8220;|100px||70px&#8220; custom_padding_phone=&#8220;|||50px&#8220; custom_padding_last_edited=&#8220;off|desktop&#8220; text_line_height_last_edited=&#8220;off|desktop&#8220; header_2_font_size_tablet=&#8220;35px&#8220; header_2_font_size_phone=&#8220;35px&#8220; header_2_font_size_last_edited=&#8220;on|phone&#8220; header_2_line_height_tablet=&#8220;1em&#8220; header_2_line_height_phone=&#8220;1.4em&#8220; header_2_line_height_last_edited=&#8220;off|desktop&#8220; global_colors_info=&#8220;{}&#8220;]<p>Es gibt viele Einsatzbereiche, in denen Serienfahrzeuge nicht den Anforderungen entsprechen, die Privatpersonen oder Firmen an sie stellen. Das kann der Umbau zu einem behindertengerechten Fahrzeug sein, oder ein Handwerker sucht genau f\u00fcr seinen Betrieb eine individuelle L\u00f6sung. Wir bieten diese Ein- und Umbauten an Sonder- und Nutzfahrzeugen an \u2013 ganz nach den Vorstellungen und Einsatzanforderungen unserer Kunden.<\/p>\n<h3>Sonderaufbauten: Nichts ist unm\u00f6glich<\/h3>\n<p>Der Frankfurter Zoo brauchte ein ganz besonderes Fahrzeug, um gro\u00dfe Tiere, wie zum Beispiel Nash\u00f6rner zu transportieren. Wir hatten die L\u00f6sung. Denn f\u00fcr individuelle, ma\u00dfgeschneiderte Fahrzeuge sind Sie bei uns genau an der richtigen Stelle.<\/p>\n<p>Spezialaufbauten nach Ma\u00df, Um- oder Aufbauten f\u00fcr die gewerbliche oder private Nutzung, ausgefallene Inneneinrichtungen f\u00fcr Werkstattwagen \u2013 wir liefern Ihnen genau das Fahrzeug, das Sie f\u00fcr ihre Einsatzzwecke ben\u00f6tigen.<\/p>\n<p>Voraus geht selbstverst\u00e4ndlich eine eingehende Beratung, bevor wir daran gehen, Ihre Vorstellungen zu realisieren. Dabei k\u00f6nnen Sie sich auf unsere langj\u00e4hrige Praxiserfahrung verlassen.<\/p>[\/et_pb_text][\/et_pb_column][et_pb_column type=&#8220;1_2&#8243; specialty_columns=&#8220;2&#8243; _builder_version=&#8220;4.16&#8243; custom_padding=&#8220;|||&#8220; global_colors_info=&#8220;{}&#8220; custom_padding__hover=&#8220;|||&#8220;][et_pb_row_inner column_structure=&#8220;1_2,1_2&#8243; use_custom_gutter=&#8220;on&#8220; gutter_width=&#8220;1&#8243; make_equal=&#8220;on&#8220; _builder_version=&#8220;4.16&#8243; custom_padding=&#8220;0px|0px|0|0px&#8220; box_shadow_style=&#8220;preset3&#8243; box_shadow_horizontal=&#8220;-40px&#8220; box_shadow_vertical=&#8220;40px&#8220; box_shadow_blur=&#8220;120px&#8220; box_shadow_spread=&#8220;-24px&#8220; box_shadow_color=&#8220;rgba(67,96,124,0.5)&#8220; global_colors_info=&#8220;{}&#8220;][et_pb_column_inner type=&#8220;1_2&#8243; saved_specialty_column_type=&#8220;1_2&#8243; _builder_version=&#8220;4.16&#8243; background_color=&#8220;#1777cf&#8220; custom_padding=&#8220;|||&#8220; global_colors_info=&#8220;{}&#8220; custom_padding__hover=&#8220;|||&#8220;][et_pb_image src=&#8220;https:\/\/www.klenk-karosseriebau.de\/wp-content\/uploads\/2024\/11\/Aufbau_LKW-scaled.jpg&#8220; alt=&#8220;Ein- und Umbauten an Sonder und Nutzfahrzeugen bei Klenk Karosseriebau Frankfurt am Main&#8220; title_text=&#8220;Ein- und Umbauten an Sonder und Nutzfahrzeugen bei Klenk Karosseriebau Frankfurt am Main&#8220; align_tablet=&#8220;center&#8220; align_phone=&#8220;center&#8220; align_last_edited=&#8220;on|desktop&#8220; _builder_version=&#8220;4.27.2&#8243; locked=&#8220;off&#8220; global_colors_info=&#8220;{}&#8220;][\/et_pb_image][et_pb_blurb title=&#8220;069.979900-0&#8243; use_icon=&#8220;on&#8220; font_icon=&#8220;&#xe090;||divi||400&#8243; icon_color=&#8220;#1576cd&#8220; image_icon_background_color=&#8220;#d5ebff&#8220; image_icon_width=&#8220;16px&#8220; _builder_version=&#8220;4.27.4&#8243; header_font=&#8220;Montserrat|500|||||||&#8220; image_icon_custom_padding=&#8220;25px|25px|25px|25px|false|false&#8220; text_orientation=&#8220;center&#8220; background_layout=&#8220;dark&#8220; custom_margin=&#8220;40px|20px||20px&#8220; custom_padding=&#8220;|||&#8220; hover_enabled=&#8220;0&#8243; border_radii_image=&#8220;on|100%|100%|100%|100%&#8220; icon_font_size=&#8220;16px&#8220; use_circle=&#8220;on&#8220; circle_color=&#8220;#d5ebff&#8220; global_colors_info=&#8220;{}&#8220; image_icon_background_color__sticky_enabled=&#8220;#ffcc00&#8243; image_icon_background_color__sticky=&#8220;#ffcc00&#8243; sticky_enabled=&#8220;0&#8243;][\/et_pb_blurb][\/et_pb_column_inner][et_pb_column_inner type=&#8220;1_2&#8243; saved_specialty_column_type=&#8220;1_2&#8243; _builder_version=&#8220;4.16&#8243; background_color=&#8220;#1f3142&#8243; custom_padding=&#8220;|||&#8220; global_colors_info=&#8220;{}&#8220; custom_padding__hover=&#8220;|||&#8220;][et_pb_image src=&#8220;https:\/\/www.klenk-karosseriebau.de\/wp-content\/uploads\/2024\/11\/Aufbau_LKW2-scaled.jpg&#8220; alt=&#8220;Lacksch\u00e4den beheben \u2013 Klenk Karosseriebau Frankfurt&#8220; title_text=&#8220;Aufbau_LKW2&#8243; align_tablet=&#8220;center&#8220; align_phone=&#8220;center&#8220; align_last_edited=&#8220;on|desktop&#8220; _builder_version=&#8220;4.27.2&#8243; global_colors_info=&#8220;{}&#8220;][\/et_pb_image][et_pb_image src=&#8220;https:\/\/www.klenk-karosseriebau.de\/wp-content\/uploads\/2024\/11\/Aufbau_Fertig2-scaled.jpg&#8220; alt=&#8220;PKW Instandsetzung bei Klenk Karosseriebau Frankfurt&#8220; title_text=&#8220;Aufbau_Fertig2&#8243; align_tablet=&#8220;center&#8220; align_phone=&#8220;center&#8220; align_last_edited=&#8220;on|desktop&#8220; _builder_version=&#8220;4.27.2&#8243; global_colors_info=&#8220;{}&#8220;][\/et_pb_image][\/et_pb_column_inner][\/et_pb_row_inner][\/et_pb_column][\/et_pb_section][et_pb_section fb_built=&#8220;1&#8243; admin_label=&#8220;Featured Services Section&#8220; _builder_version=&#8220;4.16&#8243; custom_padding=&#8220;0px|0px|0px|0px&#8220; global_colors_info=&#8220;{}&#8220;][et_pb_row column_structure=&#8220;1_3,1_3,1_3&#8243; use_custom_gutter=&#8220;on&#8220; gutter_width=&#8220;1&#8243; make_equal=&#8220;on&#8220; admin_label=&#8220;Services Row&#8220; module_class=&#8220; et_pb_row_fullwidth&#8220; _builder_version=&#8220;4.27.2&#8243; width=&#8220;100%&#8220; width_tablet=&#8220;100%&#8220; width_phone=&#8220;100%&#8220; width_last_edited=&#8220;on|desktop&#8220; max_width=&#8220;100%&#8220; max_width_tablet=&#8220;100%&#8220; max_width_phone=&#8220;100%&#8220; max_width_last_edited=&#8220;on|desktop&#8220; custom_padding=&#8220;|0px|0px|0px&#8220; make_fullwidth=&#8220;on&#8220; global_colors_info=&#8220;{}&#8220;][et_pb_column type=&#8220;1_3&#8243; _builder_version=&#8220;4.27.2&#8243; use_background_color_gradient=&#8220;on&#8220; background_color_gradient_stops=&#8220;rgba(142,182,222,0.2) 0%|#1d3e5a 100%&#8220; background_color_gradient_start=&#8220;rgba(142,182,222,0.2)&#8220; background_color_gradient_end=&#8220;#1d3e5a&#8220; background_image=&#8220;https:\/\/www.klenk-karosseriebau.de\/wp-content\/uploads\/2024\/10\/Umbau_Lieferwagen.jpg&#8220; custom_padding=&#8220;30%|||&#8220; global_colors_info=&#8220;{}&#8220; custom_padding__hover=&#8220;|||&#8220;][et_pb_text admin_label=&#8220;Title&#8220; _builder_version=&#8220;4.27.3&#8243; text_font=&#8220;Montserrat||||||||&#8220; text_font_size=&#8220;15px&#8220; text_line_height=&#8220;2.2em&#8220; header_font=&#8220;||||||||&#8220; header_3_font=&#8220;Montserrat||||||||&#8220; header_3_line_height=&#8220;1.5em&#8220; background_layout=&#8220;dark&#8220; custom_margin=&#8220;|70px|30px|90px&#8220; custom_padding=&#8220;|||&#8220; global_colors_info=&#8220;{}&#8220;]<h3>Fachm\u00e4nnische Unfallinstand-setzung<\/h3>[\/et_pb_text][\/et_pb_column][et_pb_column type=&#8220;1_3&#8243; _builder_version=&#8220;4.27.2&#8243; use_background_color_gradient=&#8220;on&#8220; background_color_gradient_stops=&#8220;rgba(142,182,222,0.2) 0%|#1d3e5a 100%&#8220; background_color_gradient_start=&#8220;rgba(142,182,222,0.2)&#8220; background_color_gradient_end=&#8220;#1d3e5a&#8220; background_image=&#8220;https:\/\/www.klenk-karosseriebau.de\/wp-content\/uploads\/2024\/11\/Aufbau_LKW2-scaled.jpg&#8220; custom_padding=&#8220;30%|||&#8220; global_colors_info=&#8220;{}&#8220; custom_padding__hover=&#8220;|||&#8220;][et_pb_text admin_label=&#8220;Title&#8220; _builder_version=&#8220;4.27.2&#8243; text_font=&#8220;Montserrat||||||||&#8220; text_font_size=&#8220;15px&#8220; text_line_height=&#8220;2.2em&#8220; header_font=&#8220;||||||||&#8220; header_3_font=&#8220;Montserrat||||||||&#8220; header_3_line_height=&#8220;1.5em&#8220; background_layout=&#8220;dark&#8220; custom_margin=&#8220;|70px|30px|90px&#8220; custom_padding=&#8220;|||&#8220; global_colors_info=&#8220;{}&#8220;]<h3>Sonderaufbauten: Nichts ist unm\u00f6glich<\/h3>[\/et_pb_text][\/et_pb_column][et_pb_column type=&#8220;1_3&#8243; _builder_version=&#8220;4.27.2&#8243; use_background_color_gradient=&#8220;on&#8220; background_color_gradient_stops=&#8220;rgba(142,182,222,0.2) 0%|#1d3e5a 100%&#8220; background_color_gradient_start=&#8220;rgba(142,182,222,0.2)&#8220; background_color_gradient_end=&#8220;#1d3e5a&#8220; background_image=&#8220;https:\/\/www.klenk-karosseriebau.de\/wp-content\/uploads\/2024\/11\/klenk-_20111025_106.jpg&#8220; custom_padding=&#8220;30%|||&#8220; global_colors_info=&#8220;{}&#8220; custom_padding__hover=&#8220;|||&#8220;][et_pb_text admin_label=&#8220;Title&#8220; _builder_version=&#8220;4.27.3&#8243; text_font=&#8220;Montserrat||||||||&#8220; text_font_size=&#8220;15px&#8220; text_line_height=&#8220;2.2em&#8220; header_font=&#8220;||||||||&#8220; header_3_font=&#8220;Montserrat||||||||&#8220; header_3_line_height=&#8220;1.5em&#8220; background_layout=&#8220;dark&#8220; custom_margin=&#8220;|70px|30px|90px&#8220; custom_padding=&#8220;|||&#8220; locked=&#8220;off&#8220; global_colors_info=&#8220;{}&#8220;]<h3>Auto- und Industrie-lackierungen<\/h3>[\/et_pb_text][\/et_pb_column][\/et_pb_row][\/et_pb_section][et_pb_section fb_built=&#8220;1&#8243; admin_label=&#8220;Services Section&#8220; _builder_version=&#8220;4.27.2&#8243; background_color=&#8220;rgba(154,154,154,0.1)&#8220; custom_padding=&#8220;70px|0px|120px|0px|false|false&#8220; global_module=&#8220;192&#8243; saved_tabs=&#8220;all&#8220; global_colors_info=&#8220;{}&#8220;][et_pb_row _builder_version=&#8220;4.27.2&#8243; _module_preset=&#8220;default&#8220; global_colors_info=&#8220;{}&#8220;][et_pb_column type=&#8220;4_4&#8243; _builder_version=&#8220;4.27.2&#8243; _module_preset=&#8220;default&#8220; global_colors_info=&#8220;{}&#8220;][et_pb_text _builder_version=&#8220;4.27.2&#8243; _module_preset=&#8220;default&#8220; header_font=&#8220;Montserrat|||on|||||&#8220; header_text_align=&#8220;center&#8220; header_text_color=&#8220;#666666&#8243; header_font_size=&#8220;40px&#8220; global_colors_info=&#8220;{}&#8220;]<h1>Unsere Leistungen<\/h1>[\/et_pb_text][\/et_pb_column][\/et_pb_row][et_pb_row column_structure=&#8220;1_3,1_3,1_3&#8243; make_equal=&#8220;on&#8220; _builder_version=&#8220;4.27.2&#8243; max_width=&#8220;1440px&#8220; use_custom_width=&#8220;on&#8220; custom_width_px=&#8220;1440px&#8220; global_colors_info=&#8220;{}&#8220;][et_pb_column type=&#8220;1_3&#8243; _builder_version=&#8220;4.27.2&#8243; background_color=&#8220;#FFFFFF&#8220; custom_padding=&#8220;|||&#8220; global_colors_info=&#8220;{}&#8220; custom_padding__hover=&#8220;|||&#8220;][et_pb_image src=&#8220;https:\/\/www.klenk-karosseriebau.de\/wp-content\/uploads\/2024\/11\/Touran-Klenk.jpg&#8220; alt=&#8220;PKW-Instansetzung BMW fertig&#8220; title_text=&#8220;Touran-Klenk&#8220; force_fullwidth=&#8220;on&#8220; align_tablet=&#8220;center&#8220; align_phone=&#8220;center&#8220; align_last_edited=&#8220;on|desktop&#8220; _builder_version=&#8220;4.27.3&#8243; locked=&#8220;off&#8220; global_colors_info=&#8220;{}&#8220;][\/et_pb_image][et_pb_text admin_label=&#8220;Service Name&#8220; _builder_version=&#8220;4.27.3&#8243; text_font=&#8220;Montserrat||||||||&#8220; text_text_color=&#8220;#666666&#8243; header_font=&#8220;||||||||&#8220; header_3_font=&#8220;Montserrat||||||||&#8220; header_3_text_color=&#8220;#666666&#8243; header_3_line_height=&#8220;1.5em&#8220; custom_padding=&#8220;10px|20px||20px&#8220; locked=&#8220;off&#8220; global_colors_info=&#8220;{}&#8220;]<h3><\/h3>\n<h3>Unfallservice und Instandsetzung<\/h3>\n<p>Wir reparieren Ihr Auto fachm\u00e4nnisch und g\u00fcnstig bei Unfallsch\u00e4den genauso wie bei einer n\u00f6tigen Altersreparatur.<\/p>[\/et_pb_text][et_pb_button button_url=&#8220;@ET-DC@eyJkeW5hbWljIjp0cnVlLCJjb250ZW50IjoicG9zdF9saW5rX3VybF9wYWdlIiwic2V0dGluZ3MiOnsicG9zdF9pZCI6IjczIn19@&#8220; button_text=&#8220;Mehr erfahren&#8220; _builder_version=&#8220;4.27.2&#8243; _dynamic_attributes=&#8220;button_url&#8220; custom_margin=&#8220;|20px|20px|20px|false|false&#8220; custom_padding=&#8220;5px|5px|5px|5px|false|false&#8220; button_text_color_hover=&#8220;#e09900&#8243; button_bg_color_hover=&#8220;rgba(0,0,0,0)&#8220; locked=&#8220;off&#8220; global_colors_info=&#8220;{}&#8220; button_text_size__hover_enabled=&#8220;off&#8220; button_one_text_size__hover_enabled=&#8220;off&#8220; button_two_text_size__hover_enabled=&#8220;off&#8220; button_text_color__hover_enabled=&#8220;on&#8220; button_text_color__hover=&#8220;#e09900&#8243; button_one_text_color__hover_enabled=&#8220;off&#8220; button_two_text_color__hover_enabled=&#8220;off&#8220; button_border_width__hover_enabled=&#8220;off&#8220; button_one_border_width__hover_enabled=&#8220;off&#8220; button_two_border_width__hover_enabled=&#8220;off&#8220; button_border_color__hover_enabled=&#8220;off&#8220; button_one_border_color__hover_enabled=&#8220;off&#8220; button_two_border_color__hover_enabled=&#8220;off&#8220; button_border_radius__hover_enabled=&#8220;off&#8220; button_one_border_radius__hover_enabled=&#8220;off&#8220; button_two_border_radius__hover_enabled=&#8220;off&#8220; button_letter_spacing__hover_enabled=&#8220;off&#8220; button_one_letter_spacing__hover_enabled=&#8220;off&#8220; button_two_letter_spacing__hover_enabled=&#8220;off&#8220; button_bg_color__hover_enabled=&#8220;on&#8220; button_bg_color__hover=&#8220;rgba(0,0,0,0)&#8220; button_one_bg_color__hover_enabled=&#8220;off&#8220; button_two_bg_color__hover_enabled=&#8220;off&#8220;][\/et_pb_button][\/et_pb_column][et_pb_column type=&#8220;1_3&#8243; _builder_version=&#8220;4.16&#8243; background_color=&#8220;#ffffff&#8220; custom_padding=&#8220;|||&#8220; global_colors_info=&#8220;{}&#8220; custom_padding__hover=&#8220;|||&#8220;][et_pb_image src=&#8220;https:\/\/www.klenk-karosseriebau.de\/wp-content\/uploads\/2024\/10\/Touran_Rosa.jpg&#8220; alt=&#8220;Lackierung Kundenwunsch Touran Rosa&#8220; title_text=&#8220;Lackierung Kundenwunsch Touran Rosa&#8220; force_fullwidth=&#8220;on&#8220; align_tablet=&#8220;center&#8220; align_phone=&#8220;center&#8220; align_last_edited=&#8220;on|desktop&#8220; _builder_version=&#8220;4.27.3&#8243; custom_margin_tablet=&#8220;&#8220; custom_margin_phone=&#8220;&#8220; custom_margin_last_edited=&#8220;on|phone&#8220; global_colors_info=&#8220;{}&#8220;][\/et_pb_image][et_pb_text admin_label=&#8220;Service Name&#8220; _builder_version=&#8220;4.27.3&#8243; text_font=&#8220;Montserrat||||||||&#8220; text_text_color=&#8220;#666666&#8243; header_font=&#8220;||||||||&#8220; header_text_color=&#8220;#666666&#8243; header_3_font=&#8220;Montserrat||||||||&#8220; header_3_text_color=&#8220;#666666&#8243; header_3_line_height=&#8220;1.5em&#8220; custom_padding=&#8220;10px|20px||20px&#8220; global_colors_info=&#8220;{}&#8220;]<h3>Lackierungen<\/h3>\n<p>Ob Industrielackierung oder einen neuen Lack f\u00fcr Ihr Auto, wir erf\u00fcllen auch ausgefallene Kundenw\u00fcnsche. Testen Sie uns!<\/p>[\/et_pb_text][et_pb_button button_url=&#8220;@ET-DC@eyJkeW5hbWljIjp0cnVlLCJjb250ZW50IjoicG9zdF9saW5rX3VybF9wYWdlIiwic2V0dGluZ3MiOnsicG9zdF9pZCI6IjI1NSJ9fQ==@&#8220; button_text=&#8220;Mehr erfahren&#8220; _builder_version=&#8220;4.27.3&#8243; _dynamic_attributes=&#8220;button_url&#8220; custom_margin=&#8220;|20px|20px|20px|false|false&#8220; custom_padding=&#8220;5px|5px|5px|5px|false|false&#8220; button_text_color_hover=&#8220;#e09900&#8243; button_bg_color_hover=&#8220;rgba(0,0,0,0)&#8220; global_colors_info=&#8220;{}&#8220; button_text_size__hover_enabled=&#8220;off&#8220; button_one_text_size__hover_enabled=&#8220;off&#8220; button_two_text_size__hover_enabled=&#8220;off&#8220; button_text_color__hover_enabled=&#8220;on&#8220; button_text_color__hover=&#8220;#e09900&#8243; button_one_text_color__hover_enabled=&#8220;off&#8220; button_two_text_color__hover_enabled=&#8220;off&#8220; button_border_width__hover_enabled=&#8220;off&#8220; button_one_border_width__hover_enabled=&#8220;off&#8220; button_two_border_width__hover_enabled=&#8220;off&#8220; button_border_color__hover_enabled=&#8220;off&#8220; button_one_border_color__hover_enabled=&#8220;off&#8220; button_two_border_color__hover_enabled=&#8220;off&#8220; button_border_radius__hover_enabled=&#8220;off&#8220; button_one_border_radius__hover_enabled=&#8220;off&#8220; button_two_border_radius__hover_enabled=&#8220;off&#8220; button_letter_spacing__hover_enabled=&#8220;off&#8220; button_one_letter_spacing__hover_enabled=&#8220;off&#8220; button_two_letter_spacing__hover_enabled=&#8220;off&#8220; button_bg_color__hover_enabled=&#8220;on&#8220; button_bg_color__hover=&#8220;rgba(0,0,0,0)&#8220; button_one_bg_color__hover_enabled=&#8220;off&#8220; button_two_bg_color__hover_enabled=&#8220;off&#8220;][\/et_pb_button][\/et_pb_column][et_pb_column type=&#8220;1_3&#8243; _builder_version=&#8220;4.16&#8243; background_color=&#8220;#ffffff&#8220; custom_padding=&#8220;|||&#8220; global_colors_info=&#8220;{}&#8220; custom_padding__hover=&#8220;|||&#8220;][et_pb_image src=&#8220;https:\/\/www.klenk-karosseriebau.de\/wp-content\/uploads\/2024\/11\/Ein-Umbauten-Sonder-Nutzfahrzeugen-Klenk-Karosseriebau-Frankfurt-a-M.jpg&#8220; alt=&#8220; Ein- und Umbauten an Sonder und Nutzfahrzeugen bei Klenk Karosseriebau Frankfurt am Main&#8220; title_text=&#8220; Ein- und Umbauten an Sonder und Nutzfahrzeugen bei Klenk Karosseriebau Frankfurt am Main&#8220; force_fullwidth=&#8220;on&#8220; align_tablet=&#8220;center&#8220; align_phone=&#8220;center&#8220; align_last_edited=&#8220;on|desktop&#8220; _builder_version=&#8220;4.27.2&#8243; locked=&#8220;off&#8220; global_colors_info=&#8220;{}&#8220;][\/et_pb_image][et_pb_text admin_label=&#8220;Service Name&#8220; _builder_version=&#8220;4.27.3&#8243; text_font=&#8220;Montserrat||||||||&#8220; text_text_color=&#8220;#666666&#8243; header_font=&#8220;||||||||&#8220; header_3_font=&#8220;Montserrat||||||||&#8220; header_3_text_color=&#8220;#666666&#8243; header_3_line_height=&#8220;1.5em&#8220; custom_padding=&#8220;10px|20px||20px&#8220; locked=&#8220;off&#8220; global_colors_info=&#8220;{}&#8220;]<h3>Karosseriebau<\/h3>\n<p>Ein- und Umbauten an Sonder- und Nutzfahrzeugen ganz nach Kundenwunsch geh\u00f6ren zu unseren gro\u00dfen Spezialit\u00e4ten.<\/p>[\/et_pb_text][et_pb_button button_url=&#8220;@ET-DC@eyJkeW5hbWljIjp0cnVlLCJjb250ZW50IjoicG9zdF9saW5rX3VybF9wYWdlIiwic2V0dGluZ3MiOnsicG9zdF9pZCI6IjI4NCJ9fQ==@&#8220; button_text=&#8220;Mehr erfahren&#8220; _builder_version=&#8220;4.27.3&#8243; _dynamic_attributes=&#8220;button_url&#8220; custom_margin=&#8220;|20px|20px|20px|false|false&#8220; custom_padding=&#8220;5px|5px|5px|5px|false|false&#8220; button_text_color_hover=&#8220;#e09900&#8243; button_bg_color_hover=&#8220;rgba(0,0,0,0)&#8220; locked=&#8220;off&#8220; global_colors_info=&#8220;{}&#8220; button_text_size__hover_enabled=&#8220;off&#8220; button_one_text_size__hover_enabled=&#8220;off&#8220; button_two_text_size__hover_enabled=&#8220;off&#8220; button_text_color__hover_enabled=&#8220;on&#8220; button_text_color__hover=&#8220;#e09900&#8243; button_one_text_color__hover_enabled=&#8220;off&#8220; button_two_text_color__hover_enabled=&#8220;off&#8220; button_border_width__hover_enabled=&#8220;off&#8220; button_one_border_width__hover_enabled=&#8220;off&#8220; button_two_border_width__hover_enabled=&#8220;off&#8220; button_border_color__hover_enabled=&#8220;off&#8220; button_one_border_color__hover_enabled=&#8220;off&#8220; button_two_border_color__hover_enabled=&#8220;off&#8220; button_border_radius__hover_enabled=&#8220;off&#8220; button_one_border_radius__hover_enabled=&#8220;off&#8220; button_two_border_radius__hover_enabled=&#8220;off&#8220; button_letter_spacing__hover_enabled=&#8220;off&#8220; button_one_letter_spacing__hover_enabled=&#8220;off&#8220; button_two_letter_spacing__hover_enabled=&#8220;off&#8220; button_bg_color__hover_enabled=&#8220;on&#8220; button_bg_color__hover=&#8220;rgba(0,0,0,0)&#8220; button_one_bg_color__hover_enabled=&#8220;off&#8220; button_two_bg_color__hover_enabled=&#8220;off&#8220;][\/et_pb_button][\/et_pb_column][\/et_pb_row][et_pb_row column_structure=&#8220;1_3,1_3,1_3&#8243; make_equal=&#8220;on&#8220; _builder_version=&#8220;4.27.2&#8243; max_width=&#8220;1440px&#8220; custom_padding=&#8220;|||&#8220; use_custom_width=&#8220;on&#8220; custom_width_px=&#8220;1440px&#8220; global_colors_info=&#8220;{}&#8220;][et_pb_column type=&#8220;1_3&#8243; _builder_version=&#8220;4.16&#8243; background_color=&#8220;#ffffff&#8220; custom_padding=&#8220;|||&#8220; global_colors_info=&#8220;{}&#8220; custom_padding__hover=&#8220;|||&#8220;][et_pb_image src=&#8220;https:\/\/www.klenk-karosseriebau.de\/wp-content\/uploads\/2024\/10\/BMW_fertig.jpg&#8220; alt=&#8220;PKW-Instansetzung BMW fertig&#8220; title_text=&#8220;PKW-Instansetzung BMW fertig&#8220; force_fullwidth=&#8220;on&#8220; align_tablet=&#8220;center&#8220; align_phone=&#8220;center&#8220; align_last_edited=&#8220;on|desktop&#8220; _builder_version=&#8220;4.27.3&#8243; locked=&#8220;off&#8220; global_colors_info=&#8220;{}&#8220;][\/et_pb_image][et_pb_text admin_label=&#8220;Service Name&#8220; _builder_version=&#8220;4.27.3&#8243; text_font=&#8220;Montserrat||||||||&#8220; text_text_color=&#8220;#666666&#8243; header_font=&#8220;||||||||&#8220; header_3_font=&#8220;Montserrat||||||||&#8220; header_3_text_color=&#8220;#666666&#8243; header_3_line_height=&#8220;1.5em&#8220; custom_padding=&#8220;10px|20px||20px&#8220; locked=&#8220;off&#8220; global_colors_info=&#8220;{}&#8220;]<h3>Autowartung und -Aufbereitung<\/h3>\n<p>Wir machen Inspektionen und warten Ihr Auto. \u00dcbernehmen T\u00dcV-Vorf\u00fchrungen und bereiten Leasing-R\u00fcckgaben vor.<\/p>[\/et_pb_text][et_pb_button button_url=&#8220;@ET-DC@eyJkeW5hbWljIjp0cnVlLCJjb250ZW50IjoicG9zdF9saW5rX3VybF9wYWdlIiwic2V0dGluZ3MiOnsicG9zdF9pZCI6IjI2MCJ9fQ==@&#8220; button_text=&#8220;Mehr Erfahren&#8220; _builder_version=&#8220;4.27.3&#8243; _dynamic_attributes=&#8220;button_url&#8220; custom_margin=&#8220;|20px|20px|20px|false|false&#8220; custom_padding=&#8220;5px|5px|5px|5px|false|false&#8220; button_text_color_hover=&#8220;#e09900&#8243; button_bg_color_hover=&#8220;rgba(0,0,0,0)&#8220; locked=&#8220;off&#8220; global_colors_info=&#8220;{}&#8220; button_text_size__hover_enabled=&#8220;off&#8220; button_one_text_size__hover_enabled=&#8220;off&#8220; button_two_text_size__hover_enabled=&#8220;off&#8220; button_text_color__hover_enabled=&#8220;on&#8220; button_text_color__hover=&#8220;#e09900&#8243; button_one_text_color__hover_enabled=&#8220;off&#8220; button_two_text_color__hover_enabled=&#8220;off&#8220; button_border_width__hover_enabled=&#8220;off&#8220; button_one_border_width__hover_enabled=&#8220;off&#8220; button_two_border_width__hover_enabled=&#8220;off&#8220; button_border_color__hover_enabled=&#8220;off&#8220; button_one_border_color__hover_enabled=&#8220;off&#8220; button_two_border_color__hover_enabled=&#8220;off&#8220; button_border_radius__hover_enabled=&#8220;off&#8220; button_one_border_radius__hover_enabled=&#8220;off&#8220; button_two_border_radius__hover_enabled=&#8220;off&#8220; button_letter_spacing__hover_enabled=&#8220;off&#8220; button_one_letter_spacing__hover_enabled=&#8220;off&#8220; button_two_letter_spacing__hover_enabled=&#8220;off&#8220; button_bg_color__hover_enabled=&#8220;on&#8220; button_bg_color__hover=&#8220;rgba(0,0,0,0)&#8220; button_one_bg_color__hover_enabled=&#8220;off&#8220; button_two_bg_color__hover_enabled=&#8220;off&#8220;][\/et_pb_button][\/et_pb_column][et_pb_column type=&#8220;1_3&#8243; _builder_version=&#8220;4.16&#8243; background_color=&#8220;#ffffff&#8220; custom_padding=&#8220;|||&#8220; global_colors_info=&#8220;{}&#8220; custom_padding__hover=&#8220;|||&#8220;][et_pb_image src=&#8220;https:\/\/www.klenk-karosseriebau.de\/wp-content\/uploads\/2024\/10\/Kratzer-VL-scaled.jpg&#8220; alt=&#8220;Lacksch\u00e4den beheben \u2013 Klenk Karosseriebau Frankfurt&#8220; title_text=&#8220;Lacksch\u00e4den beheben \u2013 Klenk Karosseriebau Frankfurt&#8220; force_fullwidth=&#8220;on&#8220; align_tablet=&#8220;center&#8220; align_phone=&#8220;center&#8220; align_last_edited=&#8220;on|desktop&#8220; _builder_version=&#8220;4.27.3&#8243; custom_margin_tablet=&#8220;&#8220; custom_margin_phone=&#8220;&#8220; custom_margin_last_edited=&#8220;on|phone&#8220; global_colors_info=&#8220;{}&#8220;][\/et_pb_image][et_pb_text admin_label=&#8220;Service Name&#8220; _builder_version=&#8220;4.27.3&#8243; text_font=&#8220;Montserrat||||||||&#8220; text_text_color=&#8220;#666666&#8243; header_font=&#8220;||||||||&#8220; header_3_font=&#8220;Montserrat||||||||&#8220; header_3_text_color=&#8220;#666666&#8243; header_3_line_height=&#8220;1.5em&#8220; custom_padding=&#8220;10px|20px||20px&#8220; global_colors_info=&#8220;{}&#8220;]<h3>Smart Repair<\/h3>\n<p>Die clevere und g\u00fcnstige Art, \u2028kleine Sch\u00e4den an Ihrem Fahrzeug zu beheben. Besonders lohnend bei Leasing-Fahrzeugen.<\/p>[\/et_pb_text][et_pb_button button_url=&#8220;@ET-DC@eyJkeW5hbWljIjp0cnVlLCJjb250ZW50IjoicG9zdF9saW5rX3VybF9wYWdlIiwic2V0dGluZ3MiOnsicG9zdF9pZCI6IjQyMiJ9fQ==@&#8220; button_text=&#8220;Mehr Erfahren&#8220; _builder_version=&#8220;4.27.3&#8243; _dynamic_attributes=&#8220;button_url&#8220; custom_margin=&#8220;|20px|20px|20px|false|false&#8220; custom_padding=&#8220;5px|5px|5px|5px|false|false&#8220; button_text_color_hover=&#8220;#e09900&#8243; button_bg_color_hover=&#8220;rgba(0,0,0,0)&#8220; locked=&#8220;off&#8220; global_colors_info=&#8220;{}&#8220; button_text_size__hover_enabled=&#8220;off&#8220; button_one_text_size__hover_enabled=&#8220;off&#8220; button_two_text_size__hover_enabled=&#8220;off&#8220; button_text_color__hover_enabled=&#8220;on&#8220; button_text_color__hover=&#8220;#e09900&#8243; button_one_text_color__hover_enabled=&#8220;off&#8220; button_two_text_color__hover_enabled=&#8220;off&#8220; button_border_width__hover_enabled=&#8220;off&#8220; button_one_border_width__hover_enabled=&#8220;off&#8220; button_two_border_width__hover_enabled=&#8220;off&#8220; button_border_color__hover_enabled=&#8220;off&#8220; button_one_border_color__hover_enabled=&#8220;off&#8220; button_two_border_color__hover_enabled=&#8220;off&#8220; button_border_radius__hover_enabled=&#8220;off&#8220; button_one_border_radius__hover_enabled=&#8220;off&#8220; button_two_border_radius__hover_enabled=&#8220;off&#8220; button_letter_spacing__hover_enabled=&#8220;off&#8220; button_one_letter_spacing__hover_enabled=&#8220;off&#8220; button_two_letter_spacing__hover_enabled=&#8220;off&#8220; button_bg_color__hover_enabled=&#8220;on&#8220; button_bg_color__hover=&#8220;rgba(0,0,0,0)&#8220; button_one_bg_color__hover_enabled=&#8220;off&#8220; button_two_bg_color__hover_enabled=&#8220;off&#8220;][\/et_pb_button][\/et_pb_column][et_pb_column type=&#8220;1_3&#8243; _builder_version=&#8220;4.16&#8243; background_color=&#8220;#ffffff&#8220; custom_padding=&#8220;|||&#8220; global_colors_info=&#8220;{}&#8220; custom_padding__hover=&#8220;|||&#8220;][et_pb_image src=&#8220;https:\/\/www.klenk-karosseriebau.de\/wp-content\/uploads\/2024\/11\/Oldtimer-Restaurierung_Klenk-Karosseriebau-Frankfurt.jpg&#8220; alt=&#8220;Oldtimer Restaurierung, Klenk Karosseriebau, Frankfurt am Main&#8220; title_text=&#8220;Oldtimer Restaurierung, Klenk Karosseriebau, Frankfurt am Main&#8220; force_fullwidth=&#8220;on&#8220; align_tablet=&#8220;center&#8220; align_phone=&#8220;center&#8220; align_last_edited=&#8220;on|desktop&#8220; _builder_version=&#8220;4.27.3&#8243; locked=&#8220;off&#8220; global_colors_info=&#8220;{}&#8220;][\/et_pb_image][et_pb_text admin_label=&#8220;Service Name&#8220; _builder_version=&#8220;4.27.3&#8243; text_font=&#8220;Montserrat||||||||&#8220; text_text_color=&#8220;#666666&#8243; header_font=&#8220;||||||||&#8220; header_3_font=&#8220;Montserrat||||||||&#8220; header_3_line_height=&#8220;1.5em&#8220; custom_padding=&#8220;10px|20px||20px&#8220; locked=&#8220;off&#8220; global_colors_info=&#8220;{}&#8220;]<h3>Oldtimer-Restaurierung<\/h3>\n<p>Das ist unsere gro\u00dfe Leidenschaft! Und daf\u00fcr haben wir auch jahrelange Erfahrung und die richtigen H\u00e4ndchen.<\/p>[\/et_pb_text][et_pb_button button_url=&#8220;@ET-DC@eyJkeW5hbWljIjp0cnVlLCJjb250ZW50IjoicG9zdF9saW5rX3VybF9wYWdlIiwic2V0dGluZ3MiOnsicG9zdF9pZCI6IjQ3NSJ9fQ==@&#8220; button_text=&#8220;Mehr Erfahren&#8220; _builder_version=&#8220;4.27.3&#8243; _dynamic_attributes=&#8220;button_url&#8220; custom_margin=&#8220;|20px|20px|20px|false|false&#8220; custom_padding=&#8220;5px|5px|5px|5px|false|false&#8220; button_text_color_hover=&#8220;#e09900&#8243; button_bg_color_hover=&#8220;rgba(0,0,0,0)&#8220; locked=&#8220;off&#8220; global_colors_info=&#8220;{}&#8220; button_text_size__hover_enabled=&#8220;off&#8220; button_one_text_size__hover_enabled=&#8220;off&#8220; button_two_text_size__hover_enabled=&#8220;off&#8220; button_text_color__hover_enabled=&#8220;on&#8220; button_text_color__hover=&#8220;#e09900&#8243; button_one_text_color__hover_enabled=&#8220;off&#8220; button_two_text_color__hover_enabled=&#8220;off&#8220; button_border_width__hover_enabled=&#8220;off&#8220; button_one_border_width__hover_enabled=&#8220;off&#8220; button_two_border_width__hover_enabled=&#8220;off&#8220; button_border_color__hover_enabled=&#8220;off&#8220; button_one_border_color__hover_enabled=&#8220;off&#8220; button_two_border_color__hover_enabled=&#8220;off&#8220; button_border_radius__hover_enabled=&#8220;off&#8220; button_one_border_radius__hover_enabled=&#8220;off&#8220; button_two_border_radius__hover_enabled=&#8220;off&#8220; button_letter_spacing__hover_enabled=&#8220;off&#8220; button_one_letter_spacing__hover_enabled=&#8220;off&#8220; button_two_letter_spacing__hover_enabled=&#8220;off&#8220; button_bg_color__hover_enabled=&#8220;on&#8220; button_bg_color__hover=&#8220;rgba(0,0,0,0)&#8220; button_one_bg_color__hover_enabled=&#8220;off&#8220; button_two_bg_color__hover_enabled=&#8220;off&#8220;][\/et_pb_button][\/et_pb_column][\/et_pb_row][\/et_pb_section][et_pb_section fb_built=&#8220;1&#8243; admin_label=&#8220;Testimonials&#8220; _builder_version=&#8220;4.16&#8243; custom_padding=&#8220;120px|0px|120px|0px&#8220; saved_tabs=&#8220;all&#8220; global_colors_info=&#8220;{}&#8220;][et_pb_row _builder_version=&#8220;4.16&#8243; custom_padding=&#8220;|||&#8220; border_color_bottom=&#8220;#e8e8e8&#8243; global_colors_info=&#8220;{}&#8220;][et_pb_column type=&#8220;4_4&#8243; _builder_version=&#8220;4.16&#8243; custom_padding=&#8220;|||&#8220; global_colors_info=&#8220;{}&#8220; custom_padding__hover=&#8220;|||&#8220;][et_pb_text _builder_version=&#8220;4.27.2&#8243; text_font=&#8220;Montserrat||||||||&#8220; header_font=&#8220;||||||||&#8220; header_line_height=&#8220;1.4em&#8220; header_2_font=&#8220;Montserrat||||||||&#8220; header_2_text_align=&#8220;center&#8220; header_2_font_size=&#8220;40px&#8220; header_2_line_height=&#8220;1.5em&#8220; text_orientation=&#8220;center&#8220; custom_margin=&#8220;|||&#8220; custom_padding=&#8220;|||&#8220; text_font_size_tablet=&#8220;16px&#8220; text_font_size_phone=&#8220;16px&#8220; text_font_size_last_edited=&#8220;on|desktop&#8220; global_colors_info=&#8220;{}&#8220;]<h2>Zufriedene Kunden<\/h2>[\/et_pb_text][\/et_pb_column][\/et_pb_row][et_pb_row column_structure=&#8220;1_2,1_2&#8243; _builder_version=&#8220;4.16&#8243; max_width=&#8220;1440px&#8220; custom_padding=&#8220;50px|0px|50px|0px&#8220; border_width_bottom=&#8220;1px&#8220; border_color_bottom=&#8220;#e8e8e8&#8243; use_custom_width=&#8220;on&#8220; custom_width_px=&#8220;1440px&#8220; global_colors_info=&#8220;{}&#8220;][et_pb_column type=&#8220;1_2&#8243; _builder_version=&#8220;4.16&#8243; custom_padding=&#8220;|||&#8220; global_colors_info=&#8220;{}&#8220; custom_padding__hover=&#8220;|||&#8220;][et_pb_image src=&#8220;https:\/\/www.klenk-karosseriebau.de\/wp-content\/uploads\/2024\/10\/stars-5.png&#8220; align=&#8220;center&#8220; align_tablet=&#8220;center&#8220; align_phone=&#8220;center&#8220; align_last_edited=&#8220;on|desktop&#8220; _builder_version=&#8220;4.16&#8243; animation_style=&#8220;slide&#8220; animation_direction=&#8220;bottom&#8220; global_colors_info=&#8220;{}&#8220;][\/et_pb_image][et_pb_text admin_label=&#8220;Clients Testimonial&#8220; _builder_version=&#8220;4.27.2&#8243; text_font=&#8220;Montserrat|300|on||||||&#8220; text_font_size=&#8220;20px&#8220; text_line_height=&#8220;2em&#8220; text_orientation=&#8220;center&#8220; custom_margin=&#8220;|||&#8220; global_colors_info=&#8220;{}&#8220;]<p>&#8222;Ich hatte einige Kratzer und kleine Beulen an meinem BMW. Jetzt sieht man nichts mehr davon und alles wurde zu einem g\u00fcnstigen Preis repariert. Das Personal ist sehr kompetent und freundlich. Kann ich uneingeschr\u00e4nkt empfehlen!\n&#8220; RF<\/p>[\/et_pb_text][\/et_pb_column][et_pb_column type=&#8220;1_2&#8243; _builder_version=&#8220;4.16&#8243; custom_padding=&#8220;|||&#8220; global_colors_info=&#8220;{}&#8220; custom_padding__hover=&#8220;|||&#8220;][et_pb_image src=&#8220;https:\/\/www.klenk-karosseriebau.de\/wp-content\/uploads\/2024\/10\/stars-5.png&#8220; align=&#8220;center&#8220; align_tablet=&#8220;center&#8220; align_phone=&#8220;center&#8220; align_last_edited=&#8220;on|desktop&#8220; _builder_version=&#8220;4.16&#8243; animation_style=&#8220;slide&#8220; animation_direction=&#8220;bottom&#8220; locked=&#8220;off&#8220; global_colors_info=&#8220;{}&#8220;][\/et_pb_image][et_pb_text admin_label=&#8220;Clients Testimonial&#8220; _builder_version=&#8220;4.27.2&#8243; text_font=&#8220;Montserrat|300|on||||||&#8220; text_font_size=&#8220;20px&#8220; text_line_height=&#8220;2em&#8220; text_orientation=&#8220;center&#8220; custom_margin=&#8220;|||&#8220; locked=&#8220;off&#8220; global_colors_info=&#8220;{}&#8220;]<p>&#8222;Waren mit dem 3. Schaden dort und wie immer wurde wir kompetent und freundlich beraten. Das Ergebnisse sind \u00fcber die Jahre hinweg qualitativ besser als es viele Fachwerkst\u00e4tten hinbekommen und dazu immer zu einem fairen Preis. Preis-Leistung des Handwerks stimmen!&#8220; SG<\/p>[\/et_pb_text][\/et_pb_column][\/et_pb_row][\/et_pb_section][et_pb_section fb_built=&#8220;1&#8243; admin_label=&#8220;Footer Section&#8220; _builder_version=&#8220;4.16&#8243; use_background_color_gradient=&#8220;on&#8220; background_color_gradient_stops=&#8220;rgba(20,61,88,0.65) 0%|#143d58 100%&#8220; background_color_gradient_overlays_image=&#8220;on&#8220; background_color_gradient_start=&#8220;rgba(20,61,88,0.65)&#8220; background_color_gradient_end=&#8220;#143d58&#8243; background_image=&#8220;https:\/\/www.klenk-karosseriebau.de\/wp-content\/uploads\/2024\/10\/car_repair_shop-24-1.jpg&#8220; custom_margin=&#8220;||-3px|||&#8220; custom_padding=&#8220;8vw|0px|8vw|0px&#8220; bottom_divider_style=&#8220;mountains2&#8243; bottom_divider_color=&#8220;rgba(5,41,66,0.3)&#8220; bottom_divider_height=&#8220;50%&#8220; animation_style=&#8220;slide&#8220; animation_direction=&#8220;bottom&#8220; animation_intensity_slide=&#8220;6%&#8220; animation_starting_opacity=&#8220;100%&#8220; global_module=&#8220;218&#8243; saved_tabs=&#8220;all&#8220; global_colors_info=&#8220;{}&#8220;][et_pb_row admin_label=&#8220;Footer Row&#8220; _builder_version=&#8220;4.16&#8243; custom_padding=&#8220;|||&#8220; global_colors_info=&#8220;{}&#8220;][et_pb_column type=&#8220;4_4&#8243; _builder_version=&#8220;4.16&#8243; custom_padding=&#8220;|||&#8220; global_colors_info=&#8220;{}&#8220; custom_padding__hover=&#8220;|||&#8220;][et_pb_text admin_label=&#8220;Title&#8220; _builder_version=&#8220;4.27.2&#8243; text_font=&#8220;Montserrat||||||||&#8220; text_text_color=&#8220;#a4bccb&#8220; text_font_size=&#8220;20px&#8220; header_font=&#8220;||||||||&#8220; header_2_font=&#8220;Montserrat||||||||&#8220; header_2_text_align=&#8220;center&#8220; header_2_line_height=&#8220;1.5em&#8220; header_3_font=&#8220;Montserrat|500|||||||&#8220; header_3_text_align=&#8220;center&#8220; header_3_font_size=&#8220;55px&#8220; header_3_line_height=&#8220;1.5em&#8220; text_orientation=&#8220;center&#8220; background_layout=&#8220;dark&#8220; max_width=&#8220;700px&#8220; module_alignment=&#8220;center&#8220; custom_margin=&#8220;||0px|&#8220; header_3_font_size_tablet=&#8220;60px&#8220; header_3_font_size_phone=&#8220;52px&#8220; header_3_font_size_last_edited=&#8220;on|tablet&#8220; global_colors_info=&#8220;{}&#8220;]<h2>Klenk Karosseriebau Frankfurt\/M.<\/h2>\n<h3>Ihre Zufriedenheit ist unser Ansporn<\/h3>[\/et_pb_text][\/et_pb_column][\/et_pb_row][et_pb_row admin_label=&#8220;CTA Row&#8220; _builder_version=&#8220;4.16&#8243; custom_padding=&#8220;|||&#8220; global_colors_info=&#8220;{}&#8220;][et_pb_column type=&#8220;4_4&#8243; _builder_version=&#8220;4.16&#8243; custom_padding=&#8220;|||&#8220; global_colors_info=&#8220;{}&#8220; custom_padding__hover=&#8220;|||&#8220;][et_pb_blurb title=&#8220;Rufen Sie uns an&#8220; admin_label=&#8220;CTA&#8220; _builder_version=&#8220;4.27.4&#8243; header_font=&#8220;Montserrat||||||||&#8220; header_text_color=&#8220;#a4bccb&#8220; header_font_size=&#8220;20px&#8220; header_line_height=&#8220;1.5em&#8220; body_font=&#8220;Montserrat|500|||||||&#8220; body_text_align=&#8220;center&#8220; body_font_size=&#8220;30px&#8220; text_orientation=&#8220;center&#8220; background_layout=&#8220;dark&#8220; animation=&#8220;off&#8220; global_colors_info=&#8220;{}&#8220;]<p>069.979900-0<\/p>[\/et_pb_blurb][\/et_pb_column][\/et_pb_row][\/et_pb_section]\n","protected":false},"excerpt":{"rendered":"<p>KarosseriebauWas k\u00f6nnen wir f\u00fcr Sie tun?Es gibt viele Einsatzbereiche, in denen Serienfahrzeuge nicht den Anforderungen entsprechen, die Privatpersonen oder Firmen an sie stellen. Das kann der Umbau zu einem behindertengerechten Fahrzeug sein, oder ein Handwerker sucht genau f\u00fcr seinen Betrieb eine individuelle L\u00f6sung. Wir bieten diese Ein- und Umbauten an Sonder- und Nutzfahrzeugen an \u2013 [&hellip;]<\/p>\n","protected":false},"author":1,"featured_media":243,"parent":0,"menu_order":0,"comment_status":"closed","ping_status":"closed","template":"","meta":{"_et_pb_use_builder":"on","_et_pb_old_content":"","_et_gb_content_width":"","footnotes":""},"class_list":["post-284","page","type-page","status-publish","has-post-thumbnail","hentry"],"yoast_head":"<!-- This site is optimized with the Yoast SEO plugin v27.5 - https:\/\/yoast.com\/product\/yoast-seo-wordpress\/ -->\n<title>Karosseriebau - Klenk Karosseriebau Frankfurt am Main<\/title>\n<meta name=\"description\" content=\"Spezialaufbauten nach Ma\u00df, Um- oder Aufbauten f\u00fcr die gewerbliche oder private Nutzung, ausgefallene Inneneinrichtungen f\u00fcr Werkstattwagen \u2013 wir liefern Ihnen genau das Fahrzeug, das Sie f\u00fcr ihre Einsatzzwecke ben\u00f6tigen.\" \/>\n<meta name=\"robots\" content=\"index, follow, max-snippet:-1, max-image-preview:large, max-video-preview:-1\" \/>\n<link rel=\"canonical\" href=\"https:\/\/www.klenk-karosseriebau.de\/index.php\/karosseriebau\/\" \/>\n<meta property=\"og:locale\" content=\"de_DE\" \/>\n<meta property=\"og:type\" content=\"article\" \/>\n<meta property=\"og:title\" content=\"Karosseriebau - Klenk Karosseriebau Frankfurt am Main\" \/>\n<meta property=\"og:description\" content=\"Spezialaufbauten nach Ma\u00df, Um- oder Aufbauten f\u00fcr die gewerbliche oder private Nutzung, ausgefallene Inneneinrichtungen f\u00fcr Werkstattwagen \u2013 wir liefern Ihnen genau das Fahrzeug, das Sie f\u00fcr ihre Einsatzzwecke ben\u00f6tigen.\" \/>\n<meta property=\"og:url\" content=\"https:\/\/www.klenk-karosseriebau.de\/index.php\/karosseriebau\/\" \/>\n<meta property=\"og:site_name\" content=\"Klenk Karosseriebau Frankfurt am Main\" \/>\n<meta property=\"article:modified_time\" content=\"2025-12-09T14:32:50+00:00\" \/>\n<meta property=\"og:image\" content=\"https:\/\/www.klenk-karosseriebau.de\/wp-content\/uploads\/2024\/11\/Aufbau_LKW2-scaled.jpg\" \/>\n\t<meta property=\"og:image:width\" content=\"2560\" \/>\n\t<meta property=\"og:image:height\" content=\"1707\" \/>\n\t<meta property=\"og:image:type\" content=\"image\/jpeg\" \/>\n<meta name=\"twitter:card\" content=\"summary_large_image\" \/>\n<meta name=\"twitter:label1\" content=\"Gesch\u00e4tzte Lesezeit\" \/>\n\t<meta name=\"twitter:data1\" content=\"5\u00a0Minuten\" \/>\n<script type=\"application\/ld+json\" class=\"yoast-schema-graph\">{\"@context\":\"https:\\\/\\\/schema.org\",\"@graph\":[{\"@type\":\"WebPage\",\"@id\":\"https:\\\/\\\/www.klenk-karosseriebau.de\\\/index.php\\\/karosseriebau\\\/\",\"url\":\"https:\\\/\\\/www.klenk-karosseriebau.de\\\/index.php\\\/karosseriebau\\\/\",\"name\":\"Karosseriebau - Klenk Karosseriebau Frankfurt am Main\",\"isPartOf\":{\"@id\":\"https:\\\/\\\/www.klenk-karosseriebau.de\\\/#website\"},\"primaryImageOfPage\":{\"@id\":\"https:\\\/\\\/www.klenk-karosseriebau.de\\\/index.php\\\/karosseriebau\\\/#primaryimage\"},\"image\":{\"@id\":\"https:\\\/\\\/www.klenk-karosseriebau.de\\\/index.php\\\/karosseriebau\\\/#primaryimage\"},\"thumbnailUrl\":\"https:\\\/\\\/www.klenk-karosseriebau.de\\\/wp-content\\\/uploads\\\/2024\\\/11\\\/Aufbau_LKW2-scaled.jpg\",\"datePublished\":\"2024-11-08T10:37:03+00:00\",\"dateModified\":\"2025-12-09T14:32:50+00:00\",\"description\":\"Spezialaufbauten nach Ma\u00df, Um- oder Aufbauten f\u00fcr die gewerbliche oder private Nutzung, ausgefallene Inneneinrichtungen f\u00fcr Werkstattwagen \u2013 wir liefern Ihnen genau das Fahrzeug, das Sie f\u00fcr ihre Einsatzzwecke ben\u00f6tigen.\",\"breadcrumb\":{\"@id\":\"https:\\\/\\\/www.klenk-karosseriebau.de\\\/index.php\\\/karosseriebau\\\/#breadcrumb\"},\"inLanguage\":\"de\",\"potentialAction\":[{\"@type\":\"ReadAction\",\"target\":[\"https:\\\/\\\/www.klenk-karosseriebau.de\\\/index.php\\\/karosseriebau\\\/\"]}]},{\"@type\":\"ImageObject\",\"inLanguage\":\"de\",\"@id\":\"https:\\\/\\\/www.klenk-karosseriebau.de\\\/index.php\\\/karosseriebau\\\/#primaryimage\",\"url\":\"https:\\\/\\\/www.klenk-karosseriebau.de\\\/wp-content\\\/uploads\\\/2024\\\/11\\\/Aufbau_LKW2-scaled.jpg\",\"contentUrl\":\"https:\\\/\\\/www.klenk-karosseriebau.de\\\/wp-content\\\/uploads\\\/2024\\\/11\\\/Aufbau_LKW2-scaled.jpg\",\"width\":2560,\"height\":1707,\"caption\":\"Aufbau LKW, Klenk Karosseriebau, Frankfurt\"},{\"@type\":\"BreadcrumbList\",\"@id\":\"https:\\\/\\\/www.klenk-karosseriebau.de\\\/index.php\\\/karosseriebau\\\/#breadcrumb\",\"itemListElement\":[{\"@type\":\"ListItem\",\"position\":1,\"name\":\"Startseite\",\"item\":\"https:\\\/\\\/www.klenk-karosseriebau.de\\\/\"},{\"@type\":\"ListItem\",\"position\":2,\"name\":\"Karosseriebau\"}]},{\"@type\":\"WebSite\",\"@id\":\"https:\\\/\\\/www.klenk-karosseriebau.de\\\/#website\",\"url\":\"https:\\\/\\\/www.klenk-karosseriebau.de\\\/\",\"name\":\"Klenk Karosseriebau Frankfurt am Main\",\"description\":\"Ihre Zufriedenheit ist unser Ansporn\",\"potentialAction\":[{\"@type\":\"SearchAction\",\"target\":{\"@type\":\"EntryPoint\",\"urlTemplate\":\"https:\\\/\\\/www.klenk-karosseriebau.de\\\/?s={search_term_string}\"},\"query-input\":{\"@type\":\"PropertyValueSpecification\",\"valueRequired\":true,\"valueName\":\"search_term_string\"}}],\"inLanguage\":\"de\"}]}<\/script>\n<!-- \/ Yoast SEO plugin. -->","yoast_head_json":{"title":"Karosseriebau - Klenk Karosseriebau Frankfurt am Main","description":"Spezialaufbauten nach Ma\u00df, Um- oder Aufbauten f\u00fcr die gewerbliche oder private Nutzung, ausgefallene Inneneinrichtungen f\u00fcr Werkstattwagen \u2013 wir liefern Ihnen genau das Fahrzeug, das Sie f\u00fcr ihre Einsatzzwecke ben\u00f6tigen.","robots":{"index":"index","follow":"follow","max-snippet":"max-snippet:-1","max-image-preview":"max-image-preview:large","max-video-preview":"max-video-preview:-1"},"canonical":"https:\/\/www.klenk-karosseriebau.de\/index.php\/karosseriebau\/","og_locale":"de_DE","og_type":"article","og_title":"Karosseriebau - Klenk Karosseriebau Frankfurt am Main","og_description":"Spezialaufbauten nach Ma\u00df, Um- oder Aufbauten f\u00fcr die gewerbliche oder private Nutzung, ausgefallene Inneneinrichtungen f\u00fcr Werkstattwagen \u2013 wir liefern Ihnen genau das Fahrzeug, das Sie f\u00fcr ihre Einsatzzwecke ben\u00f6tigen.","og_url":"https:\/\/www.klenk-karosseriebau.de\/index.php\/karosseriebau\/","og_site_name":"Klenk Karosseriebau Frankfurt am Main","article_modified_time":"2025-12-09T14:32:50+00:00","og_image":[{"width":2560,"height":1707,"url":"https:\/\/www.klenk-karosseriebau.de\/wp-content\/uploads\/2024\/11\/Aufbau_LKW2-scaled.jpg","type":"image\/jpeg"}],"twitter_card":"summary_large_image","twitter_misc":{"Gesch\u00e4tzte Lesezeit":"5\u00a0Minuten"},"schema":{"@context":"https:\/\/schema.org","@graph":[{"@type":"WebPage","@id":"https:\/\/www.klenk-karosseriebau.de\/index.php\/karosseriebau\/","url":"https:\/\/www.klenk-karosseriebau.de\/index.php\/karosseriebau\/","name":"Karosseriebau - Klenk Karosseriebau Frankfurt am Main","isPartOf":{"@id":"https:\/\/www.klenk-karosseriebau.de\/#website"},"primaryImageOfPage":{"@id":"https:\/\/www.klenk-karosseriebau.de\/index.php\/karosseriebau\/#primaryimage"},"image":{"@id":"https:\/\/www.klenk-karosseriebau.de\/index.php\/karosseriebau\/#primaryimage"},"thumbnailUrl":"https:\/\/www.klenk-karosseriebau.de\/wp-content\/uploads\/2024\/11\/Aufbau_LKW2-scaled.jpg","datePublished":"2024-11-08T10:37:03+00:00","dateModified":"2025-12-09T14:32:50+00:00","description":"Spezialaufbauten nach Ma\u00df, Um- oder Aufbauten f\u00fcr die gewerbliche oder private Nutzung, ausgefallene Inneneinrichtungen f\u00fcr Werkstattwagen \u2013 wir liefern Ihnen genau das Fahrzeug, das Sie f\u00fcr ihre Einsatzzwecke ben\u00f6tigen.","breadcrumb":{"@id":"https:\/\/www.klenk-karosseriebau.de\/index.php\/karosseriebau\/#breadcrumb"},"inLanguage":"de","potentialAction":[{"@type":"ReadAction","target":["https:\/\/www.klenk-karosseriebau.de\/index.php\/karosseriebau\/"]}]},{"@type":"ImageObject","inLanguage":"de","@id":"https:\/\/www.klenk-karosseriebau.de\/index.php\/karosseriebau\/#primaryimage","url":"https:\/\/www.klenk-karosseriebau.de\/wp-content\/uploads\/2024\/11\/Aufbau_LKW2-scaled.jpg","contentUrl":"https:\/\/www.klenk-karosseriebau.de\/wp-content\/uploads\/2024\/11\/Aufbau_LKW2-scaled.jpg","width":2560,"height":1707,"caption":"Aufbau LKW, Klenk Karosseriebau, Frankfurt"},{"@type":"BreadcrumbList","@id":"https:\/\/www.klenk-karosseriebau.de\/index.php\/karosseriebau\/#breadcrumb","itemListElement":[{"@type":"ListItem","position":1,"name":"Startseite","item":"https:\/\/www.klenk-karosseriebau.de\/"},{"@type":"ListItem","position":2,"name":"Karosseriebau"}]},{"@type":"WebSite","@id":"https:\/\/www.klenk-karosseriebau.de\/#website","url":"https:\/\/www.klenk-karosseriebau.de\/","name":"Klenk Karosseriebau Frankfurt am Main","description":"Ihre Zufriedenheit ist unser Ansporn","potentialAction":[{"@type":"SearchAction","target":{"@type":"EntryPoint","urlTemplate":"https:\/\/www.klenk-karosseriebau.de\/?s={search_term_string}"},"query-input":{"@type":"PropertyValueSpecification","valueRequired":true,"valueName":"search_term_string"}}],"inLanguage":"de"}]}},"_links":{"self":[{"href":"https:\/\/www.klenk-karosseriebau.de\/index.php\/wp-json\/wp\/v2\/pages\/284","targetHints":{"allow":["GET"]}}],"collection":[{"href":"https:\/\/www.klenk-karosseriebau.de\/index.php\/wp-json\/wp\/v2\/pages"}],"about":[{"href":"https:\/\/www.klenk-karosseriebau.de\/index.php\/wp-json\/wp\/v2\/types\/page"}],"author":[{"embeddable":true,"href":"https:\/\/www.klenk-karosseriebau.de\/index.php\/wp-json\/wp\/v2\/users\/1"}],"replies":[{"embeddable":true,"href":"https:\/\/www.klenk-karosseriebau.de\/index.php\/wp-json\/wp\/v2\/comments?post=284"}],"version-history":[{"count":1,"href":"https:\/\/www.klenk-karosseriebau.de\/index.php\/wp-json\/wp\/v2\/pages\/284\/revisions"}],"predecessor-version":[{"id":797,"href":"https:\/\/www.klenk-karosseriebau.de\/index.php\/wp-json\/wp\/v2\/pages\/284\/revisions\/797"}],"wp:featuredmedia":[{"embeddable":true,"href":"https:\/\/www.klenk-karosseriebau.de\/index.php\/wp-json\/wp\/v2\/media\/243"}],"wp:attachment":[{"href":"https:\/\/www.klenk-karosseriebau.de\/index.php\/wp-json\/wp\/v2\/media?parent=284"}],"curies":[{"name":"wp","href":"https:\/\/api.w.org\/{rel}","templated":true}]}}