{"id":562,"date":"2024-11-27T11:05:24","date_gmt":"2024-11-27T11:05:24","guid":{"rendered":"https:\/\/eins.sieben4zehn5.de\/?page_id=562"},"modified":"2025-12-09T10:47:14","modified_gmt":"2025-12-09T10:47:14","slug":"das-unternehmen","status":"publish","type":"page","link":"https:\/\/www.klenk-karosseriebau.de\/index.php\/das-unternehmen\/","title":{"rendered":"Das Unternehmen"},"content":{"rendered":"<p>[et_pb_section fb_built=&#8220;1&#8243; disabled_on=&#8220;off|off|off&#8220; admin_label=&#8220;Header Section&#8220; _builder_version=&#8220;4.27.4&#8243; background_color=&#8220;RGBA(20,61,88,0.65)&#8220; use_background_color_gradient=&#8220;on&#8220; background_color_gradient_stops=&#8220;rgba(20,61,88,0.65) 0%|rgba(12,156,254,0.52) 100%&#8220; background_color_gradient_overlays_image=&#8220;on&#8220; background_color_gradient_start=&#8220;rgba(20,61,88,0.65)&#8220; background_color_gradient_end=&#8220;#143d58&#8243; background_image=&#8220;https:\/\/www.klenk-karosseriebau.de\/wp-content\/uploads\/2024\/10\/klenk-_20111025_048.jpg&#8220; custom_margin=&#8220;|||&#8220; custom_padding=&#8220;6vw|0px|6vw|0px&#8220; bottom_divider_style=&#8220;mountains2&#8243; bottom_divider_color=&#8220;rgba(5,41,66,0.3)&#8220; bottom_divider_height=&#8220;20vw&#8220; animation_style=&#8220;slide&#8220; animation_direction=&#8220;top&#8220; animation_intensity_slide=&#8220;3%&#8220; animation_starting_opacity=&#8220;100%&#8220; global_colors_info=&#8220;{}&#8220;][et_pb_row disabled_on=&#8220;off|off|off&#8220; module_class=&#8220; et_pb_row_fullwidth&#8220; _builder_version=&#8220;4.27.4&#8243; width=&#8220;89%&#8220; width_tablet=&#8220;80%&#8220; width_phone=&#8220;80%&#8220; width_last_edited=&#8220;on|desktop&#8220; max_width=&#8220;89%&#8220; max_width_tablet=&#8220;80%&#8220; max_width_phone=&#8220;80%&#8220; max_width_last_edited=&#8220;on|desktop&#8220; custom_padding=&#8220;|||&#8220; make_fullwidth=&#8220;on&#8220; global_colors_info=&#8220;{}&#8220;][et_pb_column type=&#8220;4_4&#8243; _builder_version=&#8220;4.16&#8243; custom_padding=&#8220;|||&#8220; global_colors_info=&#8220;{}&#8220; custom_padding__hover=&#8220;|||&#8220;][et_pb_text disabled_on=&#8220;off|off|off&#8220; _builder_version=&#8220;4.27.4&#8243; text_font=&#8220;Montserrat||||||||&#8220; text_font_size=&#8220;22px&#8220; header_font=&#8220;Montserrat|600||on|||||&#8220; header_text_align=&#8220;center&#8220; header_text_color=&#8220;#FFFFFF&#8220; header_font_size=&#8220;44px&#8220; header_line_height=&#8220;1.5em&#8220; text_orientation=&#8220;center&#8220; background_layout=&#8220;dark&#8220; custom_margin=&#8220;|||&#8220; header_font_size_tablet=&#8220;50px&#8220; header_font_size_phone=&#8220;&#8220; header_font_size_last_edited=&#8220;on|desktop&#8220; header_line_height_tablet=&#8220;1.1em&#8220; header_line_height_phone=&#8220;1.2em&#8220; header_line_height_last_edited=&#8220;off|desktop&#8220; global_colors_info=&#8220;{}&#8220;]<\/p>\n<h1>Das Unternehmen<\/h1>\n<p>[\/et_pb_text][\/et_pb_column][\/et_pb_row][\/et_pb_section][et_pb_section fb_built=&#8220;1&#8243; admin_label=&#8220;CEO Quote Section&#8220; _builder_version=&#8220;4.27.4&#8243; custom_padding=&#8220;25px|0px|30px|0px|false|false&#8220; global_colors_info=&#8220;{}&#8220;][et_pb_row admin_label=&#8220;CEO Quote Row&#8220; _builder_version=&#8220;4.27.4&#8243; width=&#8220;100%&#8220; global_colors_info=&#8220;{}&#8220;][et_pb_column type=&#8220;4_4&#8243; _builder_version=&#8220;4.27.4&#8243; custom_padding=&#8220;|||&#8220; global_colors_info=&#8220;{}&#8220; custom_padding__hover=&#8220;|||&#8220;][et_pb_text admin_label=&#8220;CEO Quote&#8220; _builder_version=&#8220;4.27.4&#8243; text_font=&#8220;Montserrat||||||||&#8220; text_font_size=&#8220;21px&#8220; text_line_height=&#8220;1.6em&#8220; header_font=&#8220;||||||||&#8220; header_4_font=&#8220;||||||||&#8220; text_orientation=&#8220;center&#8220; max_width=&#8220;895px&#8220; module_alignment=&#8220;center&#8220; custom_margin=&#8220;|||&#8220; custom_padding=&#8220;|||0px||&#8220; global_colors_info=&#8220;{}&#8220;]<\/p>\n<h2>Unsere Unternehmensphilosophie<\/h2>\n<p style=\"text-align: left;\">Wir wollen zufriedene Kunden. Deshalb ist eine hohe Qualit\u00e4t unserer Dienstleistungen und unserer Erzeugnisse einer der obersten Unternehmensziele.<\/p>\n<p style=\"text-align: left;\">Den Ma\u00dfstab f\u00fcr unsere Qualit\u00e4t setzt der Kunde. Unsere Kunden werden \u00fcber die durchzuf\u00fchrenden Arbeiten umfassend beraten. Kundenforderungen erf\u00fcllen wir zur vollsten Zufriedenheit. Dabei ist uns wichtig, auf individuelle W\u00fcnsche des Kunden einzugehen. Das Urteil des Kunden \u00fcber unsere Dienstleistungen und Erzeugnisse ist ausschlaggebend f\u00fcr unseren Erfolg.<\/p>\n<p style=\"text-align: left;\">Anfragen, Angebote, Muster, Reklamationen usw. bearbeiten wir gr\u00fcndlich und z\u00fcgig. Zugesagte Termine halten wir ein.<\/p>\n<p style=\"text-align: left;\">Jeder Mitarbeiter des Unternehmens tr\u00e4gt an seinem Platz zur Verwirklichung unserer Unternehmensziele bei. Es ist deshalb Aufgabe eines jeden Mitarbeiters \u2013 vom Auszubildenden bis zur Unternehmensf\u00fchrung \u2013 einwandfreie Arbeit zu leisten, die Regelungen unseres Qualit\u00e4tsmanagementsystems zu beachten und umzusetzen.<\/p>\n<p style=\"text-align: left;\">Wer ein Qualit\u00e4tsrisiko erkennt und dies im Rahmen seiner Befugnisse nicht abstellen kann, meldet dies unverz\u00fcglich seinem Vorgesetzten.<\/p>\n<p>[\/et_pb_text][\/et_pb_column][\/et_pb_row][\/et_pb_section][et_pb_section fb_built=&#8220;1&#8243; use_custom_gutter=&#8220;on&#8220; padding_top_1=&#8220;0px&#8220; padding_top_2=&#8220;80px&#8220; padding_right_2=&#8220;10%&#8220; padding_bottom_2=&#8220;0px&#8220; padding_2_tablet=&#8220;0px|||10%&#8220; padding_2_phone=&#8220;|||&#8220; _builder_version=&#8220;4.27.4&#8243; background_color_gradient_direction=&#8220;90deg&#8220; custom_margin=&#8220;|||&#8220; custom_margin_tablet=&#8220;80px|80px|80px|80px&#8220; custom_margin_last_edited=&#8220;off|desktop&#8220; custom_padding=&#8220;0px|0px|20px|0px|false|false&#8220; animation_style=&#8220;slide&#8220; animation_direction=&#8220;left&#8220; animation_intensity_slide=&#8220;1%&#8220; use_custom_width=&#8220;on&#8220; width_unit=&#8220;off&#8220; custom_width_percent=&#8220;100%&#8220; global_colors_info=&#8220;{}&#8220;][et_pb_row column_structure=&#8220;1_2,1_2&#8243; _builder_version=&#8220;4.27.4&#8243; width=&#8220;100%&#8220; max_width=&#8220;100%&#8220; custom_padding=&#8220;27px|0|0px|0px&#8220; use_custom_width=&#8220;on&#8220; width_unit=&#8220;off&#8220; custom_width_percent=&#8220;100%&#8220; global_colors_info=&#8220;{}&#8220;][et_pb_column type=&#8220;1_2&#8243; _builder_version=&#8220;4.16&#8243; custom_padding=&#8220;|||&#8220; global_colors_info=&#8220;{}&#8220; custom_padding__hover=&#8220;|||&#8220;][et_pb_image src=&#8220;https:\/\/www.klenk-karosseriebau.de\/wp-content\/uploads\/2024\/11\/car_repair_shop-06-1.jpg&#8220; show_bottom_space=&#8220;off&#8220; force_fullwidth=&#8220;on&#8220; align_tablet=&#8220;center&#8220; align_phone=&#8220;center&#8220; align_last_edited=&#8220;on|desktop&#8220; _builder_version=&#8220;4.16&#8243; custom_margin=&#8220;|||&#8220; custom_margin_tablet=&#8220;|60px||60px&#8220; custom_margin_phone=&#8220;100px|||&#8220; custom_margin_last_edited=&#8220;on|tablet&#8220; custom_padding=&#8220;|||&#8220; box_shadow_style=&#8220;preset4&#8243; box_shadow_horizontal=&#8220;-80px&#8220; box_shadow_vertical=&#8220;-80px&#8220; box_shadow_color=&#8220;#f5f9fe&#8220; locked=&#8220;off&#8220; global_colors_info=&#8220;{}&#8220;][\/et_pb_image][\/et_pb_column][et_pb_column type=&#8220;1_2&#8243; _builder_version=&#8220;4.27.4&#8243; custom_padding=&#8220;0px|10%|||false|false&#8220; custom_padding_tablet=&#8220;|||10%&#8220; custom_padding_phone=&#8220;0px|||10%|false|false&#8220; custom_padding_last_edited=&#8220;on|tablet&#8220; global_colors_info=&#8220;{}&#8220; custom_padding__hover=&#8220;|||&#8220;][et_pb_text admin_label=&#8220;Title&#8220; _builder_version=&#8220;4.27.4&#8243; text_font=&#8220;||||||||&#8220; header_font=&#8220;||||||||&#8220; header_2_font=&#8220;Montserrat||||||||&#8220; header_2_font_size=&#8220;40px&#8220; header_2_line_height=&#8220;1.5em&#8220; custom_padding=&#8220;|||&#8220; header_2_font_size_tablet=&#8220;35px&#8220; header_2_font_size_phone=&#8220;35px&#8220; header_2_font_size_last_edited=&#8220;on|phone&#8220; header_2_line_height_tablet=&#8220;1em&#8220; header_2_line_height_phone=&#8220;1.4em&#8220; header_2_line_height_last_edited=&#8220;off|desktop&#8220; locked=&#8220;off&#8220; global_colors_info=&#8220;{}&#8220;]<\/p>\n<h2>Qualit\u00e4tsmanage-<\/h2>\n<h2>mentsystem<\/h2>\n<p>[\/et_pb_text][et_pb_text admin_label=&#8220;Paragraph&#8220; _builder_version=&#8220;4.27.4&#8243; text_font=&#8220;Montserrat||||||||&#8220; text_font_size=&#8220;15px&#8220; text_line_height=&#8220;2.2em&#8220; header_font=&#8220;||||||||&#8220; custom_margin=&#8220;|||&#8220; locked=&#8220;off&#8220; global_colors_info=&#8220;{}&#8220;]<\/p>\n<p style=\"text-align: left;\">Wir legen gro\u00dfen Wert auf st\u00e4ndige Aus- und Fortbildung sowie Motivation unserer Mitarbeiter. Sie sind unsere Partner bei der Umsetzung unseres Qualit\u00e4tsmanagementsystems.<\/p>\n<p style=\"text-align: left;\">Die von uns erlassenen Regelungen sollen die Eigenverantwortlichkeit unserer Mitarbeiter f\u00f6rdern.<\/p>\n<p style=\"text-align: left;\">Jede Arbeit wird von Anfang an richtig (nach festgelegten Kriterien) ausgef\u00fchrt. Das verbessert nicht nur die Qualit\u00e4t, sondern senkt auch die Kosten. Qualit\u00e4t erh\u00f6ht die Wirtschaftlichkeit.<\/p>\n<p style=\"text-align: left;\">Nicht nur die Fehler selbst, sondern auch die Ursachen von Fehlern m\u00fcssen beseitigt werden. Fehlervermeidung hat Vorrang vor Fehlerbeseitigung.<\/p>\n<p style=\"text-align: left;\">Die Qualit\u00e4t unserer Dienstleistungen und Erzeugnisse h\u00e4ngt auch von der Qualit\u00e4t unserer Vorlieferanten und der Zukaufteile ab. Wir fordern deshalb von unseren Zulieferern h\u00f6chste Qualit\u00e4t und unterst\u00fctzen diese bei der Verfolgung der gemeinsamen Qualit\u00e4tsziele.<\/p>\n<p style=\"text-align: left;\">Trotz gr\u00f6\u00dfter Sorgfalt k\u00f6nnen dennoch gelegentlich Fehler auftreten. Deshalb werden Verfahren eingef\u00fchrt, um Fehler rechtzeitig entdecken zu k\u00f6nnen. Diese Methoden werden mit gr\u00f6\u00dfter Konsequenz angewendet.<\/p>\n<p style=\"text-align: left;\">Es ist f\u00fcr uns eine selbstverst\u00e4ndliche Verpflichtung, alle Anforderungen zu erf\u00fcllen und uns st\u00e4ndig zu verbessern. Das trifft nat\u00fcrlich auch auf die Wirksamkeit unserer QM-Systems und die fortdauernde Angemessenheit unserer Unternehmenspolitik zu.<\/p>\n<p>[\/et_pb_text][\/et_pb_column][\/et_pb_row][\/et_pb_section][et_pb_section fb_built=&#8220;1&#8243; admin_label=&#8220;Members Section&#8220; _builder_version=&#8220;4.16&#8243; background_color=&#8220;#f2f6f9&#8243; custom_padding=&#8220;120px|0px|120px|0px&#8220; global_colors_info=&#8220;{}&#8220;][et_pb_row admin_label=&#8220;Section Title Row&#8220; _builder_version=&#8220;4.16&#8243; custom_padding=&#8220;|||&#8220; border_color_bottom=&#8220;#e8e8e8&#8243; global_colors_info=&#8220;{}&#8220;][et_pb_column type=&#8220;4_4&#8243; _builder_version=&#8220;4.16&#8243; custom_padding=&#8220;|||&#8220; global_colors_info=&#8220;{}&#8220; custom_padding__hover=&#8220;|||&#8220;][et_pb_text admin_label=&#8220;Section Title&#8220; _builder_version=&#8220;4.27.4&#8243; text_font=&#8220;Montserrat||||||||&#8220; text_text_color=&#8220;#75848f&#8220; text_font_size=&#8220;18px&#8220; text_line_height=&#8220;1.8em&#8220; header_font=&#8220;||||||||&#8220; header_text_align=&#8220;center&#8220; header_line_height=&#8220;1.4em&#8220; header_2_font=&#8220;Montserrat||||||||&#8220; header_2_text_align=&#8220;center&#8220; header_2_font_size=&#8220;40px&#8220; header_2_line_height=&#8220;1.5em&#8220; text_orientation=&#8220;center&#8220; custom_margin=&#8220;|||&#8220; custom_padding=&#8220;|||&#8220; text_font_size_tablet=&#8220;16px&#8220; text_font_size_phone=&#8220;16px&#8220; text_font_size_last_edited=&#8220;on|desktop&#8220; header_2_font_size_tablet=&#8220;35px&#8220; header_2_font_size_phone=&#8220;35px&#8220; header_2_font_size_last_edited=&#8220;on|phone&#8220; global_colors_info=&#8220;{}&#8220;]<\/p>\n<h2>Wir helfen Ihnen weiter<\/h2>\n<p>[\/et_pb_text][\/et_pb_column][\/et_pb_row][et_pb_row column_structure=&#8220;1_3,1_3,1_3&#8243; admin_label=&#8220;Members Row&#8220; _builder_version=&#8220;4.16&#8243; custom_padding=&#8220;|||&#8220; global_colors_info=&#8220;{}&#8220;][et_pb_column type=&#8220;1_3&#8243; _builder_version=&#8220;4.16&#8243; custom_padding=&#8220;|||&#8220; global_colors_info=&#8220;{}&#8220; custom_padding__hover=&#8220;|||&#8220;][et_pb_blurb title=&#8220;Heinz G. Klenk&#8220; image=&#8220;https:\/\/www.klenk-karosseriebau.de\/wp-content\/uploads\/2024\/11\/klenk-1-e1732705587556.jpg&#8220; alt=&#8220;Klenk&#8220; content_max_width=&#8220;431px&#8220; _builder_version=&#8220;4.27.5&#8243; header_font=&#8220;Montserrat||||||||&#8220; header_line_height=&#8220;1.5em&#8220; body_font=&#8220;Montserrat||||||||&#8220; custom_padding=&#8220;|||&#8220; filter_saturate=&#8220;79%&#8220; filter_sepia=&#8220;6%&#8220; hover_enabled=&#8220;0&#8243; global_colors_info=&#8220;{}&#8220; sticky_enabled=&#8220;0&#8243; title_text=&#8220;Klenk&#8220;]Gesch\u00e4ftsf\u00fchrer<br \/>\n069 \/ 97 99 00 0[\/et_pb_blurb][\/et_pb_column][et_pb_column type=&#8220;1_3&#8243; _builder_version=&#8220;4.16&#8243; custom_padding=&#8220;|||&#8220; global_colors_info=&#8220;{}&#8220; custom_padding__hover=&#8220;|||&#8220;][et_pb_blurb title=&#8220;Bj\u00f6rn Filo&#8220; image=&#8220;https:\/\/www.klenk-karosseriebau.de\/wp-content\/uploads\/2025\/11\/Bild-Homepage-Bjoern-Filo-scaled.jpg&#8220; alt=&#8220;Harold Betz, Klenk Karosseriebau Frankfurt&#8220; content_max_width=&#8220;431px&#8220; admin_label=&#8220;Member&#8220; _builder_version=&#8220;4.27.5&#8243; header_font=&#8220;Montserrat||||||||&#8220; header_line_height=&#8220;1.5em&#8220; body_font=&#8220;Montserrat||||||||&#8220; custom_padding=&#8220;||20px|||&#8220; filter_saturate=&#8220;79%&#8220; filter_sepia=&#8220;6%&#8220; hover_enabled=&#8220;0&#8243; global_colors_info=&#8220;{}&#8220; sticky_enabled=&#8220;0&#8243;]Betriebsleiter<br \/>\n069 \/ 97 99 00 18[\/et_pb_blurb][\/et_pb_column][et_pb_column type=&#8220;1_3&#8243; _builder_version=&#8220;4.16&#8243; custom_padding=&#8220;|||&#8220; global_colors_info=&#8220;{}&#8220; custom_padding__hover=&#8220;|||&#8220;][et_pb_blurb title=&#8220;Melani Dragicevic&#8220; image=&#8220;https:\/\/www.klenk-karosseriebau.de\/wp-content\/uploads\/2024\/11\/Melanie_Dragicevic.jpg&#8220; alt=&#8220;Melanie Dragicevic&#8220; content_max_width=&#8220;431px&#8220; admin_label=&#8220;Member&#8220; _builder_version=&#8220;4.27.5&#8243; header_font=&#8220;Montserrat||||||||&#8220; header_line_height=&#8220;1.5em&#8220; body_font=&#8220;Montserrat||||||||&#8220; custom_padding=&#8220;|||&#8220; filter_saturate=&#8220;79%&#8220; filter_sepia=&#8220;6%&#8220; hover_enabled=&#8220;0&#8243; global_colors_info=&#8220;{}&#8220; sticky_enabled=&#8220;0&#8243;]Sekretariat<br \/>\n069 \/ 97 99 00 19[\/et_pb_blurb][\/et_pb_column][\/et_pb_row][\/et_pb_section][et_pb_section fb_built=&#8220;1&#8243; _builder_version=&#8220;4.27.4&#8243; _module_preset=&#8220;default&#8220; global_module=&#8220;611&#8243; saved_tabs=&#8220;all&#8220; global_colors_info=&#8220;{}&#8220;][et_pb_row _builder_version=&#8220;4.27.4&#8243; _module_preset=&#8220;default&#8220; global_colors_info=&#8220;{}&#8220;][et_pb_column type=&#8220;4_4&#8243; _builder_version=&#8220;4.27.4&#8243; _module_preset=&#8220;default&#8220; global_colors_info=&#8220;{}&#8220;][et_pb_image src=&#8220;https:\/\/www.klenk-karosseriebau.de\/wp-content\/uploads\/2024\/12\/Strassenkarte-Klenk-Karosseriebau-Frankfurt-scaled.jpg&#8220; title_text=&#8220;Strassenkarte-Klenk-Karosseriebau-Frankfurt&#8220; url=&#8220;https:\/\/www.google.de\/maps\/dir\/\/K%C3%B6nigsberger+Str.+25,+60487+Frankfurt+am+Main\/@50.1207478,8.6140675,15z\/data=!4m9!4m8!1m0!1m5!1m1!1s0x47bd09746b0867b9:0x5337e1491f1a4212!2m2!1d8.6249734!2d50.1274888!3e0?entry=ttu&#038;g_ep=EgoyMDI0MTEyNC4xIKXMDSoASAFQAw%3D%3D&#8220; _builder_version=&#8220;4.27.4&#8243; _module_preset=&#8220;default&#8220; global_colors_info=&#8220;{}&#8220;][\/et_pb_image][\/et_pb_column][\/et_pb_row][et_pb_row column_structure=&#8220;3_5,2_5&#8243; _builder_version=&#8220;4.27.4&#8243; _module_preset=&#8220;default&#8220; global_colors_info=&#8220;{}&#8220;][et_pb_column type=&#8220;3_5&#8243; _builder_version=&#8220;4.27.4&#8243; _module_preset=&#8220;default&#8220; global_colors_info=&#8220;{}&#8220;][et_pb_text _builder_version=&#8220;4.27.4&#8243; _module_preset=&#8220;default&#8220; global_colors_info=&#8220;{}&#8220;]<\/p>\n<p><a href=\"https:\/\/www.google.de\/maps\/dir\/\/K%C3%B6nigsberger+Str.+25,+60487+Frankfurt+am+Main\/@50.1207478,8.6140675,15z\/data=!4m9!4m8!1m0!1m5!1m1!1s0x47bd09746b0867b9:0x5337e1491f1a4212!2m2!1d8.6249734!2d50.1274888!3e0?entry=ttu&amp;g_ep=EgoyMDI0MTEyNC4xIKXMDSoASAFQAw%3D%3D\" target=\"_blank\" rel=\"noopener\">Direkt zum Routenplaner.<\/a><\/p>\n<p>[\/et_pb_text][\/et_pb_column][et_pb_column type=&#8220;2_5&#8243; _builder_version=&#8220;4.27.4&#8243; _module_preset=&#8220;default&#8220; global_colors_info=&#8220;{}&#8220;][\/et_pb_column][\/et_pb_row][\/et_pb_section]<\/p>\n","protected":false},"excerpt":{"rendered":"<p>Das UnternehmenUnsere Unternehmensphilosophie Wir wollen zufriedene Kunden. Deshalb ist eine hohe Qualit\u00e4t unserer Dienstleistungen und unserer Erzeugnisse einer der obersten Unternehmensziele. Den Ma\u00dfstab f\u00fcr unsere Qualit\u00e4t setzt der Kunde. Unsere Kunden werden \u00fcber die durchzuf\u00fchrenden Arbeiten umfassend beraten. Kundenforderungen erf\u00fcllen wir zur vollsten Zufriedenheit. Dabei ist uns wichtig, auf individuelle W\u00fcnsche des Kunden einzugehen. Das [&hellip;]<\/p>\n","protected":false},"author":1,"featured_media":38,"parent":0,"menu_order":0,"comment_status":"closed","ping_status":"closed","template":"","meta":{"_et_pb_use_builder":"on","_et_pb_old_content":"","_et_gb_content_width":"","footnotes":""},"class_list":["post-562","page","type-page","status-publish","has-post-thumbnail","hentry"],"yoast_head":"<!-- This site is optimized with the Yoast SEO plugin v27.5 - https:\/\/yoast.com\/product\/yoast-seo-wordpress\/ -->\n<title>Das Unternehmen - Klenk Karosseriebau Frankfurt am Main<\/title>\n<meta name=\"description\" content=\"Wie sind Spezialisten bei Lackierungen, Unfallservice und Unfallinstandsetzungen. Mit viel Liebe restaurieren wir Oldtimer.\" \/>\n<meta name=\"robots\" content=\"index, follow, max-snippet:-1, max-image-preview:large, max-video-preview:-1\" \/>\n<link rel=\"canonical\" href=\"https:\/\/www.klenk-karosseriebau.de\/index.php\/das-unternehmen\/\" \/>\n<meta property=\"og:locale\" content=\"de_DE\" \/>\n<meta property=\"og:type\" content=\"article\" \/>\n<meta property=\"og:title\" content=\"Das Unternehmen - Klenk Karosseriebau Frankfurt am Main\" \/>\n<meta property=\"og:description\" content=\"Wie sind Spezialisten bei Lackierungen, Unfallservice und Unfallinstandsetzungen. Mit viel Liebe restaurieren wir Oldtimer.\" \/>\n<meta property=\"og:url\" content=\"https:\/\/www.klenk-karosseriebau.de\/index.php\/das-unternehmen\/\" \/>\n<meta property=\"og:site_name\" content=\"Klenk Karosseriebau Frankfurt am Main\" \/>\n<meta property=\"article:modified_time\" content=\"2025-12-09T10:47:14+00:00\" \/>\n<meta property=\"og:image\" content=\"https:\/\/www.klenk-karosseriebau.de\/wp-content\/uploads\/2024\/10\/klenk-_20111025_048.jpg\" \/>\n\t<meta property=\"og:image:width\" content=\"1000\" \/>\n\t<meta property=\"og:image:height\" content=\"664\" \/>\n\t<meta property=\"og:image:type\" content=\"image\/jpeg\" \/>\n<meta name=\"twitter:card\" content=\"summary_large_image\" \/>\n<meta name=\"twitter:label1\" content=\"Gesch\u00e4tzte Lesezeit\" \/>\n\t<meta name=\"twitter:data1\" content=\"4\u00a0Minuten\" \/>\n<script type=\"application\/ld+json\" class=\"yoast-schema-graph\">{\"@context\":\"https:\\\/\\\/schema.org\",\"@graph\":[{\"@type\":\"WebPage\",\"@id\":\"https:\\\/\\\/www.klenk-karosseriebau.de\\\/index.php\\\/das-unternehmen\\\/\",\"url\":\"https:\\\/\\\/www.klenk-karosseriebau.de\\\/index.php\\\/das-unternehmen\\\/\",\"name\":\"Das Unternehmen - Klenk Karosseriebau Frankfurt am Main\",\"isPartOf\":{\"@id\":\"https:\\\/\\\/www.klenk-karosseriebau.de\\\/#website\"},\"primaryImageOfPage\":{\"@id\":\"https:\\\/\\\/www.klenk-karosseriebau.de\\\/index.php\\\/das-unternehmen\\\/#primaryimage\"},\"image\":{\"@id\":\"https:\\\/\\\/www.klenk-karosseriebau.de\\\/index.php\\\/das-unternehmen\\\/#primaryimage\"},\"thumbnailUrl\":\"https:\\\/\\\/www.klenk-karosseriebau.de\\\/wp-content\\\/uploads\\\/2024\\\/10\\\/klenk-_20111025_048.jpg\",\"datePublished\":\"2024-11-27T11:05:24+00:00\",\"dateModified\":\"2025-12-09T10:47:14+00:00\",\"description\":\"Wie sind Spezialisten bei Lackierungen, Unfallservice und Unfallinstandsetzungen. Mit viel Liebe restaurieren wir Oldtimer.\",\"breadcrumb\":{\"@id\":\"https:\\\/\\\/www.klenk-karosseriebau.de\\\/index.php\\\/das-unternehmen\\\/#breadcrumb\"},\"inLanguage\":\"de\",\"potentialAction\":[{\"@type\":\"ReadAction\",\"target\":[\"https:\\\/\\\/www.klenk-karosseriebau.de\\\/index.php\\\/das-unternehmen\\\/\"]}]},{\"@type\":\"ImageObject\",\"inLanguage\":\"de\",\"@id\":\"https:\\\/\\\/www.klenk-karosseriebau.de\\\/index.php\\\/das-unternehmen\\\/#primaryimage\",\"url\":\"https:\\\/\\\/www.klenk-karosseriebau.de\\\/wp-content\\\/uploads\\\/2024\\\/10\\\/klenk-_20111025_048.jpg\",\"contentUrl\":\"https:\\\/\\\/www.klenk-karosseriebau.de\\\/wp-content\\\/uploads\\\/2024\\\/10\\\/klenk-_20111025_048.jpg\",\"width\":1000,\"height\":664,\"caption\":\"Klenk Karosseriebau, Frankfurt\"},{\"@type\":\"BreadcrumbList\",\"@id\":\"https:\\\/\\\/www.klenk-karosseriebau.de\\\/index.php\\\/das-unternehmen\\\/#breadcrumb\",\"itemListElement\":[{\"@type\":\"ListItem\",\"position\":1,\"name\":\"Startseite\",\"item\":\"https:\\\/\\\/www.klenk-karosseriebau.de\\\/\"},{\"@type\":\"ListItem\",\"position\":2,\"name\":\"Das Unternehmen\"}]},{\"@type\":\"WebSite\",\"@id\":\"https:\\\/\\\/www.klenk-karosseriebau.de\\\/#website\",\"url\":\"https:\\\/\\\/www.klenk-karosseriebau.de\\\/\",\"name\":\"Klenk Karosseriebau Frankfurt am Main\",\"description\":\"Ihre Zufriedenheit ist unser Ansporn\",\"potentialAction\":[{\"@type\":\"SearchAction\",\"target\":{\"@type\":\"EntryPoint\",\"urlTemplate\":\"https:\\\/\\\/www.klenk-karosseriebau.de\\\/?s={search_term_string}\"},\"query-input\":{\"@type\":\"PropertyValueSpecification\",\"valueRequired\":true,\"valueName\":\"search_term_string\"}}],\"inLanguage\":\"de\"}]}<\/script>\n<!-- \/ Yoast SEO plugin. -->","yoast_head_json":{"title":"Das Unternehmen - Klenk Karosseriebau Frankfurt am Main","description":"Wie sind Spezialisten bei Lackierungen, Unfallservice und Unfallinstandsetzungen. Mit viel Liebe restaurieren wir Oldtimer.","robots":{"index":"index","follow":"follow","max-snippet":"max-snippet:-1","max-image-preview":"max-image-preview:large","max-video-preview":"max-video-preview:-1"},"canonical":"https:\/\/www.klenk-karosseriebau.de\/index.php\/das-unternehmen\/","og_locale":"de_DE","og_type":"article","og_title":"Das Unternehmen - Klenk Karosseriebau Frankfurt am Main","og_description":"Wie sind Spezialisten bei Lackierungen, Unfallservice und Unfallinstandsetzungen. Mit viel Liebe restaurieren wir Oldtimer.","og_url":"https:\/\/www.klenk-karosseriebau.de\/index.php\/das-unternehmen\/","og_site_name":"Klenk Karosseriebau Frankfurt am Main","article_modified_time":"2025-12-09T10:47:14+00:00","og_image":[{"width":1000,"height":664,"url":"https:\/\/www.klenk-karosseriebau.de\/wp-content\/uploads\/2024\/10\/klenk-_20111025_048.jpg","type":"image\/jpeg"}],"twitter_card":"summary_large_image","twitter_misc":{"Gesch\u00e4tzte Lesezeit":"4\u00a0Minuten"},"schema":{"@context":"https:\/\/schema.org","@graph":[{"@type":"WebPage","@id":"https:\/\/www.klenk-karosseriebau.de\/index.php\/das-unternehmen\/","url":"https:\/\/www.klenk-karosseriebau.de\/index.php\/das-unternehmen\/","name":"Das Unternehmen - Klenk Karosseriebau Frankfurt am Main","isPartOf":{"@id":"https:\/\/www.klenk-karosseriebau.de\/#website"},"primaryImageOfPage":{"@id":"https:\/\/www.klenk-karosseriebau.de\/index.php\/das-unternehmen\/#primaryimage"},"image":{"@id":"https:\/\/www.klenk-karosseriebau.de\/index.php\/das-unternehmen\/#primaryimage"},"thumbnailUrl":"https:\/\/www.klenk-karosseriebau.de\/wp-content\/uploads\/2024\/10\/klenk-_20111025_048.jpg","datePublished":"2024-11-27T11:05:24+00:00","dateModified":"2025-12-09T10:47:14+00:00","description":"Wie sind Spezialisten bei Lackierungen, Unfallservice und Unfallinstandsetzungen. Mit viel Liebe restaurieren wir Oldtimer.","breadcrumb":{"@id":"https:\/\/www.klenk-karosseriebau.de\/index.php\/das-unternehmen\/#breadcrumb"},"inLanguage":"de","potentialAction":[{"@type":"ReadAction","target":["https:\/\/www.klenk-karosseriebau.de\/index.php\/das-unternehmen\/"]}]},{"@type":"ImageObject","inLanguage":"de","@id":"https:\/\/www.klenk-karosseriebau.de\/index.php\/das-unternehmen\/#primaryimage","url":"https:\/\/www.klenk-karosseriebau.de\/wp-content\/uploads\/2024\/10\/klenk-_20111025_048.jpg","contentUrl":"https:\/\/www.klenk-karosseriebau.de\/wp-content\/uploads\/2024\/10\/klenk-_20111025_048.jpg","width":1000,"height":664,"caption":"Klenk Karosseriebau, Frankfurt"},{"@type":"BreadcrumbList","@id":"https:\/\/www.klenk-karosseriebau.de\/index.php\/das-unternehmen\/#breadcrumb","itemListElement":[{"@type":"ListItem","position":1,"name":"Startseite","item":"https:\/\/www.klenk-karosseriebau.de\/"},{"@type":"ListItem","position":2,"name":"Das Unternehmen"}]},{"@type":"WebSite","@id":"https:\/\/www.klenk-karosseriebau.de\/#website","url":"https:\/\/www.klenk-karosseriebau.de\/","name":"Klenk Karosseriebau Frankfurt am Main","description":"Ihre Zufriedenheit ist unser Ansporn","potentialAction":[{"@type":"SearchAction","target":{"@type":"EntryPoint","urlTemplate":"https:\/\/www.klenk-karosseriebau.de\/?s={search_term_string}"},"query-input":{"@type":"PropertyValueSpecification","valueRequired":true,"valueName":"search_term_string"}}],"inLanguage":"de"}]}},"_links":{"self":[{"href":"https:\/\/www.klenk-karosseriebau.de\/index.php\/wp-json\/wp\/v2\/pages\/562","targetHints":{"allow":["GET"]}}],"collection":[{"href":"https:\/\/www.klenk-karosseriebau.de\/index.php\/wp-json\/wp\/v2\/pages"}],"about":[{"href":"https:\/\/www.klenk-karosseriebau.de\/index.php\/wp-json\/wp\/v2\/types\/page"}],"author":[{"embeddable":true,"href":"https:\/\/www.klenk-karosseriebau.de\/index.php\/wp-json\/wp\/v2\/users\/1"}],"replies":[{"embeddable":true,"href":"https:\/\/www.klenk-karosseriebau.de\/index.php\/wp-json\/wp\/v2\/comments?post=562"}],"version-history":[{"count":0,"href":"https:\/\/www.klenk-karosseriebau.de\/index.php\/wp-json\/wp\/v2\/pages\/562\/revisions"}],"wp:featuredmedia":[{"embeddable":true,"href":"https:\/\/www.klenk-karosseriebau.de\/index.php\/wp-json\/wp\/v2\/media\/38"}],"wp:attachment":[{"href":"https:\/\/www.klenk-karosseriebau.de\/index.php\/wp-json\/wp\/v2\/media?parent=562"}],"curies":[{"name":"wp","href":"https:\/\/api.w.org\/{rel}","templated":true}]}}